{"id":23535,"date":"2024-04-06T17:08:00","date_gmt":"2024-04-06T17:08:00","guid":{"rendered":"https:\/\/casadepan.org\/?page_id=23535"},"modified":"2025-04-29T22:01:03","modified_gmt":"2025-04-29T22:01:03","slug":"misiones-internacionales","status":"publish","type":"page","link":"https:\/\/casadepan.org\/english\/misiones-internacionales\/","title":{"rendered":"International Missions"},"content":{"rendered":"\t\t<div data-elementor-type=\"wp-page\" data-elementor-id=\"23535\" class=\"elementor elementor-23535\" data-elementor-post-type=\"page\">\n\t\t\t\t\t\t<section class=\"elementor-section elementor-top-section elementor-element elementor-element-d2ede4b elementor-section-boxed elementor-section-height-default elementor-section-height-default wpr-particle-no wpr-jarallax-no wpr-parallax-no wpr-sticky-section-no wpr-equal-height-no\" data-id=\"d2ede4b\" data-element_type=\"section\" data-e-type=\"section\" data-settings=\"{&quot;background_background&quot;:&quot;classic&quot;}\">\n\t\t\t\t\t\t\t<div class=\"elementor-background-overlay\"><\/div>\n\t\t\t\t\t\t\t<div class=\"elementor-container elementor-column-gap-default\">\n\t\t\t\t\t<div class=\"elementor-column elementor-col-100 elementor-top-column elementor-element elementor-element-bc7a739\" data-id=\"bc7a739\" data-element_type=\"column\" data-e-type=\"column\">\n\t\t\t<div class=\"elementor-widget-wrap elementor-element-populated\">\n\t\t\t\t\t\t<div class=\"elementor-element elementor-element-deef921 elementor-widget elementor-widget-zegensectiontitle\" data-id=\"deef921\" data-element_type=\"widget\" data-e-type=\"widget\" data-widget_type=\"zegensectiontitle.default\">\n\t\t\t\t<div class=\"elementor-widget-container\">\n\t\t\t\t\t<div class=\"section-title-wrapper margin-bottom-20 text-center\"><div class=\"title-wrap\"><h2 class=\"section-title\">Extender la fe, el amor y la ayuda m\u00e1s all\u00e1 de nuestras fronteras<\/h2><span class=\"title-separator separator-border theme-color-bg\"><\/span><\/div><!-- .title-wrap --><div class=\"section-description\">\n<\/div><!-- .section-description --><\/div><!-- .section-title-wrapper -->\t\t\t\t<\/div>\n\t\t\t\t<\/div>\n\t\t\t\t<div class=\"elementor-element elementor-element-a4a70e3 elementor-widget elementor-widget-text-editor\" data-id=\"a4a70e3\" data-element_type=\"widget\" data-e-type=\"widget\" data-settings=\"{&quot;_animation&quot;:&quot;none&quot;}\" data-widget_type=\"text-editor.default\">\n\t\t\t\t<div class=\"elementor-widget-container\">\n\t\t\t\t\t\t\t\t\t<p class=\"\" data-start=\"392\" data-end=\"827\">Casa de Pan tambi\u00e9n realiza misiones en otros pa\u00edses, llevando asistencia humanitaria, formaci\u00f3n cristiana y recursos a comunidades olvidadas por el sistema.<\/p>\t\t\t\t\t\t\t\t<\/div>\n\t\t\t\t<\/div>\n\t\t\t\t\t<\/div>\n\t\t<\/div>\n\t\t\t\t\t<\/div>\n\t\t<\/section>\n\t\t\t\t<section class=\"elementor-section elementor-top-section elementor-element elementor-element-3db5c44 elementor-section-boxed elementor-section-height-default elementor-section-height-default wpr-particle-no wpr-jarallax-no wpr-parallax-no wpr-sticky-section-no wpr-equal-height-no\" data-id=\"3db5c44\" data-element_type=\"section\" data-e-type=\"section\">\n\t\t\t\t\t\t<div class=\"elementor-container elementor-column-gap-default\">\n\t\t\t\t\t<div class=\"elementor-column elementor-col-100 elementor-top-column elementor-element elementor-element-7fc19f3\" data-id=\"7fc19f3\" data-element_type=\"column\" data-e-type=\"column\">\n\t\t\t<div class=\"elementor-widget-wrap elementor-element-populated\">\n\t\t\t\t\t\t<div class=\"elementor-element elementor-element-49b0eae wpr-grid-columns-3 wpr-grid-columns--tablet2 wpr-grid-columns--mobile1 wpr-grid-pagination-center wpr-item-styles-inner elementor-widget elementor-widget-wpr-grid\" data-id=\"49b0eae\" data-element_type=\"widget\" data-e-type=\"widget\" data-widget_type=\"wpr-grid.default\">\n\t\t\t\t<div class=\"elementor-widget-container\">\n\t\t\t\t\t<ul class=\"wpr-grid-filters elementor-clearfix wpr-grid-filters-sep-right\"><li class=\" wpr-pointer-none wpr-pointer-line-fx wpr-pointer-fx-none\"><span  data-filter=\"*\" class=\"wpr-grid-filters-item wpr-active-filter \">All Posts<\/span><em class=\"wpr-grid-filters-sep\"><\/em><\/li><li class=\" wpr-pointer-none wpr-pointer-line-fx wpr-pointer-fx-none\"><span   data-ajax-filter=[\"category\",\"internacional\"]  data-filter=\".category-internacional\">Internacional<\/span><em class=\"wpr-grid-filters-sep\"><\/em><\/li><\/ul><section class=\"wpr-grid elementor-clearfix\" data-settings=\"{&quot;layout&quot;:&quot;fitRows&quot;,&quot;stick_last_element_to_bottom&quot;:&quot;&quot;,&quot;columns_desktop&quot;:3,&quot;gutter_hr&quot;:15,&quot;gutter_hr_mobile&quot;:15,&quot;gutter_hr_mobile_extra&quot;:15,&quot;gutter_hr_tablet&quot;:15,&quot;gutter_hr_tablet_extra&quot;:15,&quot;gutter_hr_laptop&quot;:15,&quot;gutter_hr_widescreen&quot;:15,&quot;gutter_vr&quot;:15,&quot;gutter_vr_mobile&quot;:15,&quot;gutter_vr_mobile_extra&quot;:15,&quot;gutter_vr_tablet&quot;:15,&quot;gutter_vr_tablet_extra&quot;:15,&quot;gutter_vr_laptop&quot;:15,&quot;gutter_vr_widescreen&quot;:15,&quot;animation&quot;:&quot;default&quot;,&quot;animation_duration&quot;:0.299999999999999988897769753748434595763683319091796875,&quot;animation_delay&quot;:0.1000000000000000055511151231257827021181583404541015625,&quot;deeplinking&quot;:&quot;&quot;,&quot;filters_linkable&quot;:&quot;no&quot;,&quot;filters_default_filter&quot;:&quot;&quot;,&quot;filters_count&quot;:&quot;&quot;,&quot;filters_hide_empty&quot;:&quot;no&quot;,&quot;filters_animation&quot;:&quot;default&quot;,&quot;filters_animation_duration&quot;:0.299999999999999988897769753748434595763683319091796875,&quot;filters_animation_delay&quot;:0.1000000000000000055511151231257827021181583404541015625,&quot;pagination_type&quot;:&quot;load-more&quot;,&quot;pagination_max_pages&quot;:4,&quot;lightbox&quot;:{&quot;selector&quot;:&quot;.wpr-grid-image-wrap&quot;,&quot;iframeMaxWidth&quot;:&quot;60%&quot;,&quot;hash&quot;:false,&quot;autoplay&quot;:&quot;true&quot;,&quot;pause&quot;:5000,&quot;progressBar&quot;:&quot;true&quot;,&quot;counter&quot;:&quot;true&quot;,&quot;controls&quot;:&quot;true&quot;,&quot;getCaptionFromTitleOrAlt&quot;:&quot;true&quot;,&quot;thumbnail&quot;:&quot;&quot;,&quot;showThumbByDefault&quot;:&quot;&quot;,&quot;share&quot;:&quot;&quot;,&quot;zoom&quot;:&quot;true&quot;,&quot;fullScreen&quot;:&quot;true&quot;,&quot;download&quot;:&quot;true&quot;}}\" data-advanced-filters=\"no\"><article class=\"wpr-grid-item elementor-clearfix post-24049 post type-post status-publish format-standard has-post-thumbnail hentry category-internacional\"><div class=\"wpr-grid-item-inner\"><div class=\"wpr-grid-media-wrap wpr-effect-size-medium \" data-overlay-link=\"yes\"><div class=\"wpr-grid-image-wrap\" data-src=\"https:\/\/casadepan.org\/wp-content\/uploads\/2025\/02\/5017065510684175839-768x456.webp\" data-img-on-hover=\"\"  data-src-secondary=\"\"><img decoding=\"async\" data-no-lazy=\"1\" src=\"https:\/\/casadepan.org\/wp-content\/uploads\/2025\/02\/5017065510684175839-768x456.webp\" alt=\"Evento del dia del amor y amistad Casa de Pan Venezuela\" class=\"wpr-anim-timing-ease-default\"><\/div><div class=\"wpr-grid-media-hover wpr-animation-wrap\"><div class=\"wpr-grid-media-hover-bg  wpr-overlay-fade-in wpr-anim-size-large wpr-anim-timing-ease-default wpr-anim-transparency\" data-url=\"https:\/\/casadepan.org\/english\/evento-del-dia-del-amor-y-amistad-casa-de-pan-venezuela\/\"><\/div><\/div><\/div><div class=\"wpr-grid-item-below-content elementor-clearfix\"><div class=\"wpr-grid-item-date elementor-repeater-item-8b5684e wpr-grid-item-display-inline wpr-grid-item-align-center\"><div class=\"inner-block\"><span>18\/02\/2025<span class=\"wpr-grid-extra-text-right\">\/<\/span><\/span><\/div><\/div><h2 class=\"wpr-grid-item-title elementor-repeater-item-b4ecfe6 wpr-grid-item-display-block wpr-grid-item-align-center wpr-pointer-none wpr-pointer-line-fx wpr-pointer-fx-fade\"><div class=\"inner-block\"><a target=\"_self\"  href=\"https:\/\/casadepan.org\/english\/evento-del-dia-del-amor-y-amistad-casa-de-pan-venezuela\/\">Evento del dia del amor y amistad Casa de Pan Venezuela<\/a><\/div><\/h2><div class=\"wpr-grid-item-read-more elementor-repeater-item-5ad965b wpr-grid-item-display-block wpr-grid-item-align-center\"><div class=\"inner-block\"><a target=\"_self\" href=\"https:\/\/casadepan.org\/english\/evento-del-dia-del-amor-y-amistad-casa-de-pan-venezuela\/\" class=\"wpr-button-effect wpr-button-none\"><span>Ver Mas<\/span><\/a><\/div><\/div><\/div><\/div><\/article><article class=\"wpr-grid-item elementor-clearfix post-23969 post type-post status-publish format-standard has-post-thumbnail hentry category-internacional\"><div class=\"wpr-grid-item-inner\"><div class=\"wpr-grid-media-wrap wpr-effect-size-medium \" data-overlay-link=\"yes\"><div class=\"wpr-grid-image-wrap\" data-src=\"https:\/\/casadepan.org\/wp-content\/uploads\/2025\/01\/4947625127982509143-768x456.webp\" data-img-on-hover=\"\"  data-src-secondary=\"\"><img decoding=\"async\" data-no-lazy=\"1\" src=\"https:\/\/casadepan.org\/wp-content\/uploads\/2025\/01\/4947625127982509143-768x456.webp\" alt=\"Fundaci\u00f3n Casa de Pan  Entrega de \u00fatiles escolares y mochilas en Venezuela\" class=\"wpr-anim-timing-ease-default\"><\/div><div class=\"wpr-grid-media-hover wpr-animation-wrap\"><div class=\"wpr-grid-media-hover-bg  wpr-overlay-fade-in wpr-anim-size-large wpr-anim-timing-ease-default wpr-anim-transparency\" data-url=\"https:\/\/casadepan.org\/english\/fundacion-casa-de-pan-entrega-de-utiles-escolares-y-mochilas-en-venezuela\/\"><\/div><\/div><\/div><div class=\"wpr-grid-item-below-content elementor-clearfix\"><div class=\"wpr-grid-item-date elementor-repeater-item-8b5684e wpr-grid-item-display-inline wpr-grid-item-align-center\"><div class=\"inner-block\"><span>28\/01\/2025<span class=\"wpr-grid-extra-text-right\">\/<\/span><\/span><\/div><\/div><h2 class=\"wpr-grid-item-title elementor-repeater-item-b4ecfe6 wpr-grid-item-display-block wpr-grid-item-align-center wpr-pointer-none wpr-pointer-line-fx wpr-pointer-fx-fade\"><div class=\"inner-block\"><a target=\"_self\"  href=\"https:\/\/casadepan.org\/english\/fundacion-casa-de-pan-entrega-de-utiles-escolares-y-mochilas-en-venezuela\/\">Fundaci\u00f3n Casa de Pan Entrega de \u00fatiles escolares y mochilas en Venezuela<\/a><\/div><\/h2><div class=\"wpr-grid-item-read-more elementor-repeater-item-5ad965b wpr-grid-item-display-block wpr-grid-item-align-center\"><div class=\"inner-block\"><a target=\"_self\" href=\"https:\/\/casadepan.org\/english\/fundacion-casa-de-pan-entrega-de-utiles-escolares-y-mochilas-en-venezuela\/\" class=\"wpr-button-effect wpr-button-none\"><span>Ver Mas<\/span><\/a><\/div><\/div><\/div><\/div><\/article><article class=\"wpr-grid-item elementor-clearfix post-23918 post type-post status-publish format-standard has-post-thumbnail hentry category-internacional\"><div class=\"wpr-grid-item-inner\"><div class=\"wpr-grid-media-wrap wpr-effect-size-medium \" data-overlay-link=\"yes\"><div class=\"wpr-grid-image-wrap\" data-src=\"https:\/\/casadepan.org\/wp-content\/uploads\/2024\/12\/5139026492943088497-768x456.jpg\" data-img-on-hover=\"\"  data-src-secondary=\"\"><img decoding=\"async\" data-no-lazy=\"1\" src=\"https:\/\/casadepan.org\/wp-content\/uploads\/2024\/12\/5139026492943088497-768x456.jpg\" alt=\"Celebracion Navide\u00f1a Fundaci\u00f3n Casa de Pan Venezuela\" class=\"wpr-anim-timing-ease-default\"><\/div><div class=\"wpr-grid-media-hover wpr-animation-wrap\"><div class=\"wpr-grid-media-hover-bg  wpr-overlay-fade-in wpr-anim-size-large wpr-anim-timing-ease-default wpr-anim-transparency\" data-url=\"https:\/\/casadepan.org\/english\/celebracion-navidena-fundacion-casa-de-pan-venezuela\/\"><\/div><\/div><\/div><div class=\"wpr-grid-item-below-content elementor-clearfix\"><div class=\"wpr-grid-item-date elementor-repeater-item-8b5684e wpr-grid-item-display-inline wpr-grid-item-align-center\"><div class=\"inner-block\"><span>27\/12\/2024<span class=\"wpr-grid-extra-text-right\">\/<\/span><\/span><\/div><\/div><h2 class=\"wpr-grid-item-title elementor-repeater-item-b4ecfe6 wpr-grid-item-display-block wpr-grid-item-align-center wpr-pointer-none wpr-pointer-line-fx wpr-pointer-fx-fade\"><div class=\"inner-block\"><a target=\"_self\"  href=\"https:\/\/casadepan.org\/english\/celebracion-navidena-fundacion-casa-de-pan-venezuela\/\">Celebracion Navide\u00f1a Fundaci\u00f3n Casa de Pan Venezuela<\/a><\/div><\/h2><div class=\"wpr-grid-item-read-more elementor-repeater-item-5ad965b wpr-grid-item-display-block wpr-grid-item-align-center\"><div class=\"inner-block\"><a target=\"_self\" href=\"https:\/\/casadepan.org\/english\/celebracion-navidena-fundacion-casa-de-pan-venezuela\/\" class=\"wpr-button-effect wpr-button-none\"><span>Ver Mas<\/span><\/a><\/div><\/div><\/div><\/div><\/article><article class=\"wpr-grid-item elementor-clearfix post-23892 post type-post status-publish format-standard has-post-thumbnail hentry category-internacional\"><div class=\"wpr-grid-item-inner\"><div class=\"wpr-grid-media-wrap wpr-effect-size-medium \" data-overlay-link=\"yes\"><div class=\"wpr-grid-image-wrap\" data-src=\"https:\/\/casadepan.org\/wp-content\/uploads\/2024\/09\/5161549344392981733-768x456.jpg\" data-img-on-hover=\"\"  data-src-secondary=\"\"><img decoding=\"async\" data-no-lazy=\"1\" src=\"https:\/\/casadepan.org\/wp-content\/uploads\/2024\/09\/5161549344392981733-768x456.jpg\" alt=\"Donaciones de Mochila Comunidades en Santo Domingo (RD)\" class=\"wpr-anim-timing-ease-default\"><\/div><div class=\"wpr-grid-media-hover wpr-animation-wrap\"><div class=\"wpr-grid-media-hover-bg  wpr-overlay-fade-in wpr-anim-size-large wpr-anim-timing-ease-default wpr-anim-transparency\" data-url=\"https:\/\/casadepan.org\/english\/donaciones-de-mochila-comunidad-en-santo-domingo-rd\/\"><\/div><\/div><\/div><div class=\"wpr-grid-item-below-content elementor-clearfix\"><div class=\"wpr-grid-item-date elementor-repeater-item-8b5684e wpr-grid-item-display-inline wpr-grid-item-align-center\"><div class=\"inner-block\"><span>25\/09\/2024<span class=\"wpr-grid-extra-text-right\">\/<\/span><\/span><\/div><\/div><h2 class=\"wpr-grid-item-title elementor-repeater-item-b4ecfe6 wpr-grid-item-display-block wpr-grid-item-align-center wpr-pointer-none wpr-pointer-line-fx wpr-pointer-fx-fade\"><div class=\"inner-block\"><a target=\"_self\"  href=\"https:\/\/casadepan.org\/english\/donaciones-de-mochila-comunidad-en-santo-domingo-rd\/\">Donaciones de Mochila Comunidades en Santo Domingo (RD)<\/a><\/div><\/h2><div class=\"wpr-grid-item-read-more elementor-repeater-item-5ad965b wpr-grid-item-display-block wpr-grid-item-align-center\"><div class=\"inner-block\"><a target=\"_self\" href=\"https:\/\/casadepan.org\/english\/donaciones-de-mochila-comunidad-en-santo-domingo-rd\/\" class=\"wpr-button-effect wpr-button-none\"><span>Ver Mas<\/span><\/a><\/div><\/div><\/div><\/div><\/article><article class=\"wpr-grid-item elementor-clearfix post-23807 post type-post status-publish format-standard has-post-thumbnail hentry category-internacional\"><div class=\"wpr-grid-item-inner\"><div class=\"wpr-grid-media-wrap wpr-effect-size-medium \" data-overlay-link=\"yes\"><div class=\"wpr-grid-image-wrap\" data-src=\"https:\/\/casadepan.org\/wp-content\/uploads\/2024\/06\/photo1717520840-768x456.jpeg\" data-img-on-hover=\"\"  data-src-secondary=\"\"><img decoding=\"async\" data-no-lazy=\"1\" src=\"https:\/\/casadepan.org\/wp-content\/uploads\/2024\/06\/photo1717520840-768x456.jpeg\" alt=\"Envi\u00f3 de Donaciones para Venezuela\" class=\"wpr-anim-timing-ease-default\"><\/div><div class=\"wpr-grid-media-hover wpr-animation-wrap\"><div class=\"wpr-grid-media-hover-bg  wpr-overlay-fade-in wpr-anim-size-large wpr-anim-timing-ease-default wpr-anim-transparency\" data-url=\"https:\/\/casadepan.org\/english\/envio-de-donaciones-para-venezuela\/\"><\/div><\/div><\/div><div class=\"wpr-grid-item-below-content elementor-clearfix\"><div class=\"wpr-grid-item-date elementor-repeater-item-8b5684e wpr-grid-item-display-inline wpr-grid-item-align-center\"><div class=\"inner-block\"><span>04\/06\/2024<span class=\"wpr-grid-extra-text-right\">\/<\/span><\/span><\/div><\/div><h2 class=\"wpr-grid-item-title elementor-repeater-item-b4ecfe6 wpr-grid-item-display-block wpr-grid-item-align-center wpr-pointer-none wpr-pointer-line-fx wpr-pointer-fx-fade\"><div class=\"inner-block\"><a target=\"_self\"  href=\"https:\/\/casadepan.org\/english\/envio-de-donaciones-para-venezuela\/\">Envi\u00f3 de Donaciones para Venezuela<\/a><\/div><\/h2><div class=\"wpr-grid-item-read-more elementor-repeater-item-5ad965b wpr-grid-item-display-block wpr-grid-item-align-center\"><div class=\"inner-block\"><a target=\"_self\" href=\"https:\/\/casadepan.org\/english\/envio-de-donaciones-para-venezuela\/\" class=\"wpr-button-effect wpr-button-none\"><span>Ver Mas<\/span><\/a><\/div><\/div><\/div><\/div><\/article><article class=\"wpr-grid-item elementor-clearfix post-23643 post type-post status-publish format-standard has-post-thumbnail hentry category-internacional\"><div class=\"wpr-grid-item-inner\"><div class=\"wpr-grid-media-wrap wpr-effect-size-medium \" data-overlay-link=\"yes\"><div class=\"wpr-grid-image-wrap\" data-src=\"https:\/\/casadepan.org\/wp-content\/uploads\/2024\/04\/photo1712593520-768x456.jpeg\" data-img-on-hover=\"\"  data-src-secondary=\"\"><img decoding=\"async\" data-no-lazy=\"1\" src=\"https:\/\/casadepan.org\/wp-content\/uploads\/2024\/04\/photo1712593520-768x456.jpeg\" alt=\"Donaciones Republica Dominicana Santo Domingo\" class=\"wpr-anim-timing-ease-default\"><\/div><div class=\"wpr-grid-media-hover wpr-animation-wrap\"><div class=\"wpr-grid-media-hover-bg  wpr-overlay-fade-in wpr-anim-size-large wpr-anim-timing-ease-default wpr-anim-transparency\" data-url=\"https:\/\/casadepan.org\/english\/donaciones-republica-dominicana-santo-domingo\/\"><\/div><\/div><\/div><div class=\"wpr-grid-item-below-content elementor-clearfix\"><div class=\"wpr-grid-item-date elementor-repeater-item-8b5684e wpr-grid-item-display-inline wpr-grid-item-align-center\"><div class=\"inner-block\"><span>08\/04\/2024<span class=\"wpr-grid-extra-text-right\">\/<\/span><\/span><\/div><\/div><h2 class=\"wpr-grid-item-title elementor-repeater-item-b4ecfe6 wpr-grid-item-display-block wpr-grid-item-align-center wpr-pointer-none wpr-pointer-line-fx wpr-pointer-fx-fade\"><div class=\"inner-block\"><a target=\"_self\"  href=\"https:\/\/casadepan.org\/english\/donaciones-republica-dominicana-santo-domingo\/\">Donaciones Republica Dominicana Santo Domingo<\/a><\/div><\/h2><div class=\"wpr-grid-item-read-more elementor-repeater-item-5ad965b wpr-grid-item-display-block wpr-grid-item-align-center\"><div class=\"inner-block\"><a target=\"_self\" href=\"https:\/\/casadepan.org\/english\/donaciones-republica-dominicana-santo-domingo\/\" class=\"wpr-button-effect wpr-button-none\"><span>Ver Mas<\/span><\/a><\/div><\/div><\/div><\/div><\/article><article class=\"wpr-grid-item elementor-clearfix post-23331 post type-post status-publish format-standard has-post-thumbnail hentry category-internacional\"><div class=\"wpr-grid-item-inner\"><div class=\"wpr-grid-media-wrap wpr-effect-size-medium \" data-overlay-link=\"yes\"><div class=\"wpr-grid-image-wrap\" data-src=\"https:\/\/casadepan.org\/wp-content\/uploads\/2024\/02\/photo_5102887323854548261_y-768x456.jpg\" data-img-on-hover=\"\"  data-src-secondary=\"\"><img decoding=\"async\" data-no-lazy=\"1\" src=\"https:\/\/casadepan.org\/wp-content\/uploads\/2024\/02\/photo_5102887323854548261_y-768x456.jpg\" alt=\"Actividades Did\u00e1cticas y Recreativas\" class=\"wpr-anim-timing-ease-default\"><\/div><div class=\"wpr-grid-media-hover wpr-animation-wrap\"><div class=\"wpr-grid-media-hover-bg  wpr-overlay-fade-in wpr-anim-size-large wpr-anim-timing-ease-default wpr-anim-transparency\" data-url=\"https:\/\/casadepan.org\/english\/actividades-didacticas-y-recreativas\/\"><\/div><\/div><\/div><div class=\"wpr-grid-item-below-content elementor-clearfix\"><div class=\"wpr-grid-item-date elementor-repeater-item-8b5684e wpr-grid-item-display-inline wpr-grid-item-align-center\"><div class=\"inner-block\"><span>28\/02\/2024<span class=\"wpr-grid-extra-text-right\">\/<\/span><\/span><\/div><\/div><h2 class=\"wpr-grid-item-title elementor-repeater-item-b4ecfe6 wpr-grid-item-display-block wpr-grid-item-align-center wpr-pointer-none wpr-pointer-line-fx wpr-pointer-fx-fade\"><div class=\"inner-block\"><a target=\"_self\"  href=\"https:\/\/casadepan.org\/english\/actividades-didacticas-y-recreativas\/\">Actividades Did\u00e1cticas y Recreativas<\/a><\/div><\/h2><div class=\"wpr-grid-item-read-more elementor-repeater-item-5ad965b wpr-grid-item-display-block wpr-grid-item-align-center\"><div class=\"inner-block\"><a target=\"_self\" href=\"https:\/\/casadepan.org\/english\/actividades-didacticas-y-recreativas\/\" class=\"wpr-button-effect wpr-button-none\"><span>Ver Mas<\/span><\/a><\/div><\/div><\/div><\/div><\/article><article class=\"wpr-grid-item elementor-clearfix post-23301 post type-post status-publish format-standard has-post-thumbnail hentry category-internacional\"><div class=\"wpr-grid-item-inner\"><div class=\"wpr-grid-media-wrap wpr-effect-size-medium \" data-overlay-link=\"yes\"><div class=\"wpr-grid-image-wrap\" data-src=\"https:\/\/casadepan.org\/wp-content\/uploads\/2024\/02\/photo_5073755037427150064_y-768x456.jpg\" data-img-on-hover=\"\"  data-src-secondary=\"\"><img decoding=\"async\" data-no-lazy=\"1\" src=\"https:\/\/casadepan.org\/wp-content\/uploads\/2024\/02\/photo_5073755037427150064_y-768x456.jpg\" alt=\"Actividades diarias + Jornada de Corte de Cabello\" class=\"wpr-anim-timing-ease-default\"><\/div><div class=\"wpr-grid-media-hover wpr-animation-wrap\"><div class=\"wpr-grid-media-hover-bg  wpr-overlay-fade-in wpr-anim-size-large wpr-anim-timing-ease-default wpr-anim-transparency\" data-url=\"https:\/\/casadepan.org\/english\/actividades-diarias-jornada-de-corte-de-cabello\/\"><\/div><\/div><\/div><div class=\"wpr-grid-item-below-content elementor-clearfix\"><div class=\"wpr-grid-item-date elementor-repeater-item-8b5684e wpr-grid-item-display-inline wpr-grid-item-align-center\"><div class=\"inner-block\"><span>19\/02\/2024<span class=\"wpr-grid-extra-text-right\">\/<\/span><\/span><\/div><\/div><h2 class=\"wpr-grid-item-title elementor-repeater-item-b4ecfe6 wpr-grid-item-display-block wpr-grid-item-align-center wpr-pointer-none wpr-pointer-line-fx wpr-pointer-fx-fade\"><div class=\"inner-block\"><a target=\"_self\"  href=\"https:\/\/casadepan.org\/english\/actividades-diarias-jornada-de-corte-de-cabello\/\">Actividades diarias + Jornada de Corte de Cabello<\/a><\/div><\/h2><div class=\"wpr-grid-item-read-more elementor-repeater-item-5ad965b wpr-grid-item-display-block wpr-grid-item-align-center\"><div class=\"inner-block\"><a target=\"_self\" href=\"https:\/\/casadepan.org\/english\/actividades-diarias-jornada-de-corte-de-cabello\/\" class=\"wpr-button-effect wpr-button-none\"><span>Ver Mas<\/span><\/a><\/div><\/div><\/div><\/div><\/article><article class=\"wpr-grid-item elementor-clearfix post-23265 post type-post status-publish format-standard has-post-thumbnail hentry category-internacional\"><div class=\"wpr-grid-item-inner\"><div class=\"wpr-grid-media-wrap wpr-effect-size-medium \" data-overlay-link=\"yes\"><div class=\"wpr-grid-image-wrap\" data-src=\"https:\/\/casadepan.org\/wp-content\/uploads\/2024\/02\/photo_5051251951416749172_y-768x456.jpg\" data-img-on-hover=\"\"  data-src-secondary=\"\"><img decoding=\"async\" data-no-lazy=\"1\" src=\"https:\/\/casadepan.org\/wp-content\/uploads\/2024\/02\/photo_5051251951416749172_y-768x456.jpg\" alt=\"Actividades diarias escolares + Comedor\" class=\"wpr-anim-timing-ease-default\"><\/div><div class=\"wpr-grid-media-hover wpr-animation-wrap\"><div class=\"wpr-grid-media-hover-bg  wpr-overlay-fade-in wpr-anim-size-large wpr-anim-timing-ease-default wpr-anim-transparency\" data-url=\"https:\/\/casadepan.org\/english\/actividades-diarias-escolares-comedor\/\"><\/div><\/div><\/div><div class=\"wpr-grid-item-below-content elementor-clearfix\"><div class=\"wpr-grid-item-date elementor-repeater-item-8b5684e wpr-grid-item-display-inline wpr-grid-item-align-center\"><div class=\"inner-block\"><span>07\/02\/2024<span class=\"wpr-grid-extra-text-right\">\/<\/span><\/span><\/div><\/div><h2 class=\"wpr-grid-item-title elementor-repeater-item-b4ecfe6 wpr-grid-item-display-block wpr-grid-item-align-center wpr-pointer-none wpr-pointer-line-fx wpr-pointer-fx-fade\"><div class=\"inner-block\"><a target=\"_self\"  href=\"https:\/\/casadepan.org\/english\/actividades-diarias-escolares-comedor\/\">Actividades diarias escolares + Comedor<\/a><\/div><\/h2><div class=\"wpr-grid-item-read-more elementor-repeater-item-5ad965b wpr-grid-item-display-block wpr-grid-item-align-center\"><div class=\"inner-block\"><a target=\"_self\" href=\"https:\/\/casadepan.org\/english\/actividades-diarias-escolares-comedor\/\" class=\"wpr-button-effect wpr-button-none\"><span>Ver Mas<\/span><\/a><\/div><\/div><\/div><\/div><\/article><article class=\"wpr-grid-item elementor-clearfix post-23236 post type-post status-publish format-standard has-post-thumbnail hentry category-internacional\"><div class=\"wpr-grid-item-inner\"><div class=\"wpr-grid-media-wrap wpr-effect-size-medium \" data-overlay-link=\"yes\"><div class=\"wpr-grid-image-wrap\" data-src=\"https:\/\/casadepan.org\/wp-content\/uploads\/2024\/01\/photo_5014891174900640864_y-768x456.jpg\" data-img-on-hover=\"\"  data-src-secondary=\"\"><img decoding=\"async\" data-no-lazy=\"1\" src=\"https:\/\/casadepan.org\/wp-content\/uploads\/2024\/01\/photo_5014891174900640864_y-768x456.jpg\" alt=\"Actividades diarias escolares y recreativas\" class=\"wpr-anim-timing-ease-default\"><\/div><div class=\"wpr-grid-media-hover wpr-animation-wrap\"><div class=\"wpr-grid-media-hover-bg  wpr-overlay-fade-in wpr-anim-size-large wpr-anim-timing-ease-default wpr-anim-transparency\" data-url=\"https:\/\/casadepan.org\/english\/actividades-diarias-escolares-y-recreativas\/\"><\/div><\/div><\/div><div class=\"wpr-grid-item-below-content elementor-clearfix\"><div class=\"wpr-grid-item-date elementor-repeater-item-8b5684e wpr-grid-item-display-inline wpr-grid-item-align-center\"><div class=\"inner-block\"><span>26\/01\/2024<span class=\"wpr-grid-extra-text-right\">\/<\/span><\/span><\/div><\/div><h2 class=\"wpr-grid-item-title elementor-repeater-item-b4ecfe6 wpr-grid-item-display-block wpr-grid-item-align-center wpr-pointer-none wpr-pointer-line-fx wpr-pointer-fx-fade\"><div class=\"inner-block\"><a target=\"_self\"  href=\"https:\/\/casadepan.org\/english\/actividades-diarias-escolares-y-recreativas\/\">Actividades diarias escolares y recreativas<\/a><\/div><\/h2><div class=\"wpr-grid-item-read-more elementor-repeater-item-5ad965b wpr-grid-item-display-block wpr-grid-item-align-center\"><div class=\"inner-block\"><a target=\"_self\" href=\"https:\/\/casadepan.org\/english\/actividades-diarias-escolares-y-recreativas\/\" class=\"wpr-button-effect wpr-button-none\"><span>Ver Mas<\/span><\/a><\/div><\/div><\/div><\/div><\/article><article class=\"wpr-grid-item elementor-clearfix post-23202 post type-post status-publish format-standard has-post-thumbnail hentry category-internacional\"><div class=\"wpr-grid-item-inner\"><div class=\"wpr-grid-media-wrap wpr-effect-size-medium \" data-overlay-link=\"yes\"><div class=\"wpr-grid-image-wrap\" data-src=\"https:\/\/casadepan.org\/wp-content\/uploads\/2024\/01\/photo_4983566320553536588_y-768x456.jpg\" data-img-on-hover=\"\"  data-src-secondary=\"\"><img decoding=\"async\" data-no-lazy=\"1\" src=\"https:\/\/casadepan.org\/wp-content\/uploads\/2024\/01\/photo_4983566320553536588_y-768x456.jpg\" alt=\"Inicio de actividades escolares y recreativas\" class=\"wpr-anim-timing-ease-default\"><\/div><div class=\"wpr-grid-media-hover wpr-animation-wrap\"><div class=\"wpr-grid-media-hover-bg  wpr-overlay-fade-in wpr-anim-size-large wpr-anim-timing-ease-default wpr-anim-transparency\" data-url=\"https:\/\/casadepan.org\/english\/inicio-de-actividades-escolares-y-recreativas\/\"><\/div><\/div><\/div><div class=\"wpr-grid-item-below-content elementor-clearfix\"><div class=\"wpr-grid-item-date elementor-repeater-item-8b5684e wpr-grid-item-display-inline wpr-grid-item-align-center\"><div class=\"inner-block\"><span>16\/01\/2024<span class=\"wpr-grid-extra-text-right\">\/<\/span><\/span><\/div><\/div><h2 class=\"wpr-grid-item-title elementor-repeater-item-b4ecfe6 wpr-grid-item-display-block wpr-grid-item-align-center wpr-pointer-none wpr-pointer-line-fx wpr-pointer-fx-fade\"><div class=\"inner-block\"><a target=\"_self\"  href=\"https:\/\/casadepan.org\/english\/inicio-de-actividades-escolares-y-recreativas\/\">Inicio de actividades escolares y recreativas<\/a><\/div><\/h2><div class=\"wpr-grid-item-read-more elementor-repeater-item-5ad965b wpr-grid-item-display-block wpr-grid-item-align-center\"><div class=\"inner-block\"><a target=\"_self\" href=\"https:\/\/casadepan.org\/english\/inicio-de-actividades-escolares-y-recreativas\/\" class=\"wpr-button-effect wpr-button-none\"><span>Ver Mas<\/span><\/a><\/div><\/div><\/div><\/div><\/article><article class=\"wpr-grid-item elementor-clearfix post-23139 post type-post status-publish format-standard has-post-thumbnail hentry category-internacional\"><div class=\"wpr-grid-item-inner\"><div class=\"wpr-grid-media-wrap wpr-effect-size-medium \" data-overlay-link=\"yes\"><div class=\"wpr-grid-image-wrap\" data-src=\"https:\/\/casadepan.org\/wp-content\/uploads\/2023\/12\/photo_5186071120867077170_y-768x456.jpg\" data-img-on-hover=\"\"  data-src-secondary=\"\"><img decoding=\"async\" data-no-lazy=\"1\" src=\"https:\/\/casadepan.org\/wp-content\/uploads\/2023\/12\/photo_5186071120867077170_y-768x456.jpg\" alt=\"Celebraci\u00f3n Fiesta Navide\u00f1a 2023\" class=\"wpr-anim-timing-ease-default\"><\/div><div class=\"wpr-grid-media-hover wpr-animation-wrap\"><div class=\"wpr-grid-media-hover-bg  wpr-overlay-fade-in wpr-anim-size-large wpr-anim-timing-ease-default wpr-anim-transparency\" data-url=\"https:\/\/casadepan.org\/english\/celebracion-fiesta-navidena-2023\/\"><\/div><\/div><\/div><div class=\"wpr-grid-item-below-content elementor-clearfix\"><div class=\"wpr-grid-item-date elementor-repeater-item-8b5684e wpr-grid-item-display-inline wpr-grid-item-align-center\"><div class=\"inner-block\"><span>21\/12\/2023<span class=\"wpr-grid-extra-text-right\">\/<\/span><\/span><\/div><\/div><h2 class=\"wpr-grid-item-title elementor-repeater-item-b4ecfe6 wpr-grid-item-display-block wpr-grid-item-align-center wpr-pointer-none wpr-pointer-line-fx wpr-pointer-fx-fade\"><div class=\"inner-block\"><a target=\"_self\"  href=\"https:\/\/casadepan.org\/english\/celebracion-fiesta-navidena-2023\/\">Celebraci\u00f3n Fiesta Navide\u00f1a 2023<\/a><\/div><\/h2><div class=\"wpr-grid-item-read-more elementor-repeater-item-5ad965b wpr-grid-item-display-block wpr-grid-item-align-center\"><div class=\"inner-block\"><a target=\"_self\" href=\"https:\/\/casadepan.org\/english\/celebracion-fiesta-navidena-2023\/\" class=\"wpr-button-effect wpr-button-none\"><span>Ver Mas<\/span><\/a><\/div><\/div><\/div><\/div><\/article><\/section><div class=\"wpr-grid-pagination elementor-clearfix wpr-grid-pagination-load-more\" data-pages=\"4\"><a href=\"https:\/\/casadepan.org\/english\/wp-json\/wp\/v2\/pages\/23535\/page\/2\/\" class=\"wpr-load-more-btn\" data-e-disable-page-transition >Ver mas<\/a><div class=\"wpr-pagination-loading\"><div class=\"wpr-double-bounce\"><div class=\"wpr-child wpr-double-bounce1\"><\/div><div class=\"wpr-child wpr-double-bounce2\"><\/div><\/div><\/div><p class=\"wpr-pagination-finish\">End of Content.<\/p><\/div>\t\t\t\t<\/div>\n\t\t\t\t<\/div>\n\t\t\t\t\t<\/div>\n\t\t<\/div>\n\t\t\t\t\t<\/div>\n\t\t<\/section>\n\t\t\t\t<section class=\"elementor-section elementor-top-section elementor-element elementor-element-65c4af6 elementor-section-content-middle elementor-section-stretched elementor-section-boxed elementor-section-height-default elementor-section-height-default wpr-particle-no wpr-jarallax-no wpr-parallax-no wpr-sticky-section-no wpr-equal-height-no\" data-id=\"65c4af6\" data-element_type=\"section\" data-e-type=\"section\" data-settings=\"{&quot;stretch_section&quot;:&quot;section-stretched&quot;}\">\n\t\t\t\t\t\t<div class=\"elementor-container elementor-column-gap-default\">\n\t\t\t\t\t<div class=\"elementor-column elementor-col-100 elementor-top-column elementor-element elementor-element-3c76b5d\" data-id=\"3c76b5d\" data-element_type=\"column\" data-e-type=\"column\">\n\t\t\t<div class=\"elementor-widget-wrap elementor-element-populated\">\n\t\t\t\t\t\t<div class=\"elementor-element elementor-element-b71273a elementor-widget elementor-widget-heading\" data-id=\"b71273a\" data-element_type=\"widget\" data-e-type=\"widget\" data-widget_type=\"heading.default\">\n\t\t\t\t<div class=\"elementor-widget-container\">\n\t\t\t\t\t<span class=\"elementor-heading-title elementor-size-default\">Pon en manos del se\u00f1or  todo lo que haces, para que tus planes se hagan realidad. Proverbios 16:03<\/span>\t\t\t\t<\/div>\n\t\t\t\t<\/div>\n\t\t\t\t\t<\/div>\n\t\t<\/div>\n\t\t\t\t\t<\/div>\n\t\t<\/section>\n\t\t\t\t<\/div>\n\t\t","protected":false},"excerpt":{"rendered":"<p>Extender la fe, el amor y la ayuda m\u00e1s all\u00e1 de nuestras fronteras Casa de Pan tambi\u00e9n realiza misiones en otros pa\u00edses, llevando asistencia humanitaria, formaci\u00f3n cristiana y recursos a comunidades olvidadas por el sistema. All Posts Internacional 18\/02\/2025\/ Evento del dia del amor y amistad Casa de Pan Venezuela Ver Mas 28\/01\/2025\/ Fundaci\u00f3n Casa de Pan Entrega de \u00fatiles escolares y mochilas en Venezuela Ver Mas 27\/12\/2024\/ Celebracion Navide\u00f1a Fundaci\u00f3n Casa de Pan Venezuela Ver Mas 25\/09\/2024\/ Donaciones de Mochila Comunidades en Santo Domingo (RD) Ver Mas 04\/06\/2024\/ Envi\u00f3 de Donaciones para Venezuela Ver Mas 08\/04\/2024\/ Donaciones Republica Dominicana Santo Domingo Ver Mas 28\/02\/2024\/ Actividades Did\u00e1cticas y Recreativas Ver Mas 19\/02\/2024\/ Actividades diarias + Jornada de Corte de Cabello Ver Mas 07\/02\/2024\/ Actividades diarias escolares + Comedor Ver Mas 26\/01\/2024\/ Actividades diarias escolares y recreativas Ver Mas 16\/01\/2024\/ Inicio de actividades escolares y recreativas Ver Mas 21\/12\/2023\/ Celebraci\u00f3n Fiesta Navide\u00f1a 2023 Ver Mas Ver mas End of Content. Pon en manos del se\u00f1or todo lo que haces, para que tus planes se hagan realidad. Proverbios 16:03<\/p>","protected":false},"author":1,"featured_media":0,"parent":0,"menu_order":0,"comment_status":"closed","ping_status":"closed","template":"","meta":{"cybocfi_hide_featured_image":"","iawp_total_views":63,"footnotes":""},"class_list":["post-23535","page","type-page","status-publish","hentry"],"yoast_head":"<!-- This site is optimized with the Yoast SEO plugin v27.3 - https:\/\/yoast.com\/product\/yoast-seo-wordpress\/ -->\n<title>Misiones Internacionales - Casa de Pan<\/title>\n<meta name=\"description\" content=\"Inicialmente, en el a\u00f1o 2018, arrancamos con la creaci\u00f3n de un comedor social, para cubrir las necesidades alimentarias que exist\u00edan y siguen existiendo, en la comunidad Altos de Carabobo, en el municipio Valencia del estado Carabobo. Brindando atenci\u00f3n primordial a los ni\u00f1os, ni\u00f1as, mujeres embarazadas, personas discapacitadas y de la tercera edad, en condiciones precarias y de extrema vulnerabilidad social.\" \/>\n<meta name=\"robots\" content=\"index, follow, max-snippet:-1, max-image-preview:large, max-video-preview:-1\" \/>\n<link rel=\"canonical\" href=\"https:\/\/casadepan.org\/english\/misiones-internacionales\/\" \/>\n<meta property=\"og:locale\" content=\"en_US\" \/>\n<meta property=\"og:type\" content=\"article\" \/>\n<meta property=\"og:title\" content=\"Misiones Internacionales - Casa de Pan\" \/>\n<meta property=\"og:description\" content=\"Inicialmente, en el a\u00f1o 2018, arrancamos con la creaci\u00f3n de un comedor social, para cubrir las necesidades alimentarias que exist\u00edan y siguen existiendo, en la comunidad Altos de Carabobo, en el municipio Valencia del estado Carabobo. Brindando atenci\u00f3n primordial a los ni\u00f1os, ni\u00f1as, mujeres embarazadas, personas discapacitadas y de la tercera edad, en condiciones precarias y de extrema vulnerabilidad social.\" \/>\n<meta property=\"og:url\" content=\"https:\/\/casadepan.org\/english\/misiones-internacionales\/\" \/>\n<meta property=\"og:site_name\" content=\"Casa de Pan\" \/>\n<meta property=\"article:publisher\" content=\"https:\/\/www.facebook.com\/casadepanvzla\/\" \/>\n<meta property=\"article:modified_time\" content=\"2025-04-29T22:01:03+00:00\" \/>\n<meta property=\"og:image\" content=\"https:\/\/casadepan.org\/wp-content\/uploads\/2025\/02\/5017065510684175839-768x456.webp\" \/>\n<meta name=\"twitter:card\" content=\"summary_large_image\" \/>\n<meta name=\"twitter:label1\" content=\"Est. reading time\" \/>\n\t<meta name=\"twitter:data1\" content=\"4 minutes\" \/>\n<script type=\"application\/ld+json\" class=\"yoast-schema-graph\">{\"@context\":\"https:\\\/\\\/schema.org\",\"@graph\":[{\"@type\":\"WebPage\",\"@id\":\"https:\\\/\\\/casadepan.org\\\/misiones-internacionales\\\/\",\"url\":\"https:\\\/\\\/casadepan.org\\\/misiones-internacionales\\\/\",\"name\":\"Misiones Internacionales - Casa de Pan\",\"isPartOf\":{\"@id\":\"https:\\\/\\\/casadepan.org\\\/#website\"},\"primaryImageOfPage\":{\"@id\":\"https:\\\/\\\/casadepan.org\\\/misiones-internacionales\\\/#primaryimage\"},\"image\":{\"@id\":\"https:\\\/\\\/casadepan.org\\\/misiones-internacionales\\\/#primaryimage\"},\"thumbnailUrl\":\"https:\\\/\\\/casadepan.org\\\/wp-content\\\/uploads\\\/2025\\\/02\\\/5017065510684175839-768x456.webp\",\"datePublished\":\"2024-04-06T17:08:00+00:00\",\"dateModified\":\"2025-04-29T22:01:03+00:00\",\"description\":\"Inicialmente, en el a\u00f1o 2018, arrancamos con la creaci\u00f3n de un comedor social, para cubrir las necesidades alimentarias que exist\u00edan y siguen existiendo, en la comunidad Altos de Carabobo, en el municipio Valencia del estado Carabobo. Brindando atenci\u00f3n primordial a los ni\u00f1os, ni\u00f1as, mujeres embarazadas, personas discapacitadas y de la tercera edad, en condiciones precarias y de extrema vulnerabilidad social.\",\"breadcrumb\":{\"@id\":\"https:\\\/\\\/casadepan.org\\\/misiones-internacionales\\\/#breadcrumb\"},\"inLanguage\":\"en-US\",\"potentialAction\":[{\"@type\":\"ReadAction\",\"target\":[\"https:\\\/\\\/casadepan.org\\\/misiones-internacionales\\\/\"]}]},{\"@type\":\"ImageObject\",\"inLanguage\":\"en-US\",\"@id\":\"https:\\\/\\\/casadepan.org\\\/misiones-internacionales\\\/#primaryimage\",\"url\":\"https:\\\/\\\/casadepan.org\\\/wp-content\\\/uploads\\\/2025\\\/02\\\/5017065510684175839-768x456.webp\",\"contentUrl\":\"https:\\\/\\\/casadepan.org\\\/wp-content\\\/uploads\\\/2025\\\/02\\\/5017065510684175839-768x456.webp\"},{\"@type\":\"BreadcrumbList\",\"@id\":\"https:\\\/\\\/casadepan.org\\\/misiones-internacionales\\\/#breadcrumb\",\"itemListElement\":[{\"@type\":\"ListItem\",\"position\":1,\"name\":\"Portada\",\"item\":\"https:\\\/\\\/casadepan.org\\\/\"},{\"@type\":\"ListItem\",\"position\":2,\"name\":\"Misiones Internacionales\"}]},{\"@type\":\"WebSite\",\"@id\":\"https:\\\/\\\/casadepan.org\\\/#website\",\"url\":\"https:\\\/\\\/casadepan.org\\\/\",\"name\":\"Casa de Pan\",\"description\":\"Casa de Pan somos todos, Juntos somos mas!\",\"publisher\":{\"@id\":\"https:\\\/\\\/casadepan.org\\\/#organization\"},\"potentialAction\":[{\"@type\":\"SearchAction\",\"target\":{\"@type\":\"EntryPoint\",\"urlTemplate\":\"https:\\\/\\\/casadepan.org\\\/?s={search_term_string}\"},\"query-input\":{\"@type\":\"PropertyValueSpecification\",\"valueRequired\":true,\"valueName\":\"search_term_string\"}}],\"inLanguage\":\"en-US\"},{\"@type\":\"Organization\",\"@id\":\"https:\\\/\\\/casadepan.org\\\/#organization\",\"name\":\"Casa de Pan\",\"url\":\"https:\\\/\\\/casadepan.org\\\/\",\"logo\":{\"@type\":\"ImageObject\",\"inLanguage\":\"en-US\",\"@id\":\"https:\\\/\\\/casadepan.org\\\/#\\\/schema\\\/logo\\\/image\\\/\",\"url\":\"https:\\\/\\\/casadepan.org\\\/wp-content\\\/uploads\\\/2023\\\/01\\\/cropped-cropped-casa-de-pan-logo1.png\",\"contentUrl\":\"https:\\\/\\\/casadepan.org\\\/wp-content\\\/uploads\\\/2023\\\/01\\\/cropped-cropped-casa-de-pan-logo1.png\",\"width\":512,\"height\":512,\"caption\":\"Casa de Pan\"},\"image\":{\"@id\":\"https:\\\/\\\/casadepan.org\\\/#\\\/schema\\\/logo\\\/image\\\/\"},\"sameAs\":[\"https:\\\/\\\/www.facebook.com\\\/casadepanvzla\\\/\",\"https:\\\/\\\/instagram.com\\\/casadepanvzla\\\/\",\"https:\\\/\\\/www.youtube.com\\\/channel\\\/UCDLD4I6MOnq4pRfEsE8iSvA\"]}]}<\/script>\n<!-- \/ Yoast SEO plugin. -->","yoast_head_json":{"title":"Misiones Internacionales - Casa de Pan","description":"Inicialmente, en el a\u00f1o 2018, arrancamos con la creaci\u00f3n de un comedor social, para cubrir las necesidades alimentarias que exist\u00edan y siguen existiendo, en la comunidad Altos de Carabobo, en el municipio Valencia del estado Carabobo. Brindando atenci\u00f3n primordial a los ni\u00f1os, ni\u00f1as, mujeres embarazadas, personas discapacitadas y de la tercera edad, en condiciones precarias y de extrema vulnerabilidad social.","robots":{"index":"index","follow":"follow","max-snippet":"max-snippet:-1","max-image-preview":"max-image-preview:large","max-video-preview":"max-video-preview:-1"},"canonical":"https:\/\/casadepan.org\/english\/misiones-internacionales\/","og_locale":"en_US","og_type":"article","og_title":"Misiones Internacionales - Casa de Pan","og_description":"Inicialmente, en el a\u00f1o 2018, arrancamos con la creaci\u00f3n de un comedor social, para cubrir las necesidades alimentarias que exist\u00edan y siguen existiendo, en la comunidad Altos de Carabobo, en el municipio Valencia del estado Carabobo. Brindando atenci\u00f3n primordial a los ni\u00f1os, ni\u00f1as, mujeres embarazadas, personas discapacitadas y de la tercera edad, en condiciones precarias y de extrema vulnerabilidad social.","og_url":"https:\/\/casadepan.org\/english\/misiones-internacionales\/","og_site_name":"Casa de Pan","article_publisher":"https:\/\/www.facebook.com\/casadepanvzla\/","article_modified_time":"2025-04-29T22:01:03+00:00","og_image":[{"url":"https:\/\/casadepan.org\/wp-content\/uploads\/2025\/02\/5017065510684175839-768x456.webp","type":"","width":"","height":""}],"twitter_card":"summary_large_image","twitter_misc":{"Est. reading time":"4 minutes"},"schema":{"@context":"https:\/\/schema.org","@graph":[{"@type":"WebPage","@id":"https:\/\/casadepan.org\/misiones-internacionales\/","url":"https:\/\/casadepan.org\/misiones-internacionales\/","name":"Misiones Internacionales - Casa de Pan","isPartOf":{"@id":"https:\/\/casadepan.org\/#website"},"primaryImageOfPage":{"@id":"https:\/\/casadepan.org\/misiones-internacionales\/#primaryimage"},"image":{"@id":"https:\/\/casadepan.org\/misiones-internacionales\/#primaryimage"},"thumbnailUrl":"https:\/\/casadepan.org\/wp-content\/uploads\/2025\/02\/5017065510684175839-768x456.webp","datePublished":"2024-04-06T17:08:00+00:00","dateModified":"2025-04-29T22:01:03+00:00","description":"Inicialmente, en el a\u00f1o 2018, arrancamos con la creaci\u00f3n de un comedor social, para cubrir las necesidades alimentarias que exist\u00edan y siguen existiendo, en la comunidad Altos de Carabobo, en el municipio Valencia del estado Carabobo. Brindando atenci\u00f3n primordial a los ni\u00f1os, ni\u00f1as, mujeres embarazadas, personas discapacitadas y de la tercera edad, en condiciones precarias y de extrema vulnerabilidad social.","breadcrumb":{"@id":"https:\/\/casadepan.org\/misiones-internacionales\/#breadcrumb"},"inLanguage":"en-US","potentialAction":[{"@type":"ReadAction","target":["https:\/\/casadepan.org\/misiones-internacionales\/"]}]},{"@type":"ImageObject","inLanguage":"en-US","@id":"https:\/\/casadepan.org\/misiones-internacionales\/#primaryimage","url":"https:\/\/casadepan.org\/wp-content\/uploads\/2025\/02\/5017065510684175839-768x456.webp","contentUrl":"https:\/\/casadepan.org\/wp-content\/uploads\/2025\/02\/5017065510684175839-768x456.webp"},{"@type":"BreadcrumbList","@id":"https:\/\/casadepan.org\/misiones-internacionales\/#breadcrumb","itemListElement":[{"@type":"ListItem","position":1,"name":"Portada","item":"https:\/\/casadepan.org\/"},{"@type":"ListItem","position":2,"name":"Misiones Internacionales"}]},{"@type":"WebSite","@id":"https:\/\/casadepan.org\/#website","url":"https:\/\/casadepan.org\/","name":"Casa de Pan,","description":"Casa de Pan somos todos, Juntos somos mas!","publisher":{"@id":"https:\/\/casadepan.org\/#organization"},"potentialAction":[{"@type":"SearchAction","target":{"@type":"EntryPoint","urlTemplate":"https:\/\/casadepan.org\/?s={search_term_string}"},"query-input":{"@type":"PropertyValueSpecification","valueRequired":true,"valueName":"search_term_string"}}],"inLanguage":"en-US"},{"@type":"Organization","@id":"https:\/\/casadepan.org\/#organization","name":"Casa de Pan,","url":"https:\/\/casadepan.org\/","logo":{"@type":"ImageObject","inLanguage":"en-US","@id":"https:\/\/casadepan.org\/#\/schema\/logo\/image\/","url":"https:\/\/casadepan.org\/wp-content\/uploads\/2023\/01\/cropped-cropped-casa-de-pan-logo1.png","contentUrl":"https:\/\/casadepan.org\/wp-content\/uploads\/2023\/01\/cropped-cropped-casa-de-pan-logo1.png","width":512,"height":512,"caption":"Casa de Pan"},"image":{"@id":"https:\/\/casadepan.org\/#\/schema\/logo\/image\/"},"sameAs":["https:\/\/www.facebook.com\/casadepanvzla\/","https:\/\/instagram.com\/casadepanvzla\/","https:\/\/www.youtube.com\/channel\/UCDLD4I6MOnq4pRfEsE8iSvA"]}]}},"_links":{"self":[{"href":"https:\/\/casadepan.org\/english\/wp-json\/wp\/v2\/pages\/23535","targetHints":{"allow":["GET"]}}],"collection":[{"href":"https:\/\/casadepan.org\/english\/wp-json\/wp\/v2\/pages"}],"about":[{"href":"https:\/\/casadepan.org\/english\/wp-json\/wp\/v2\/types\/page"}],"author":[{"embeddable":true,"href":"https:\/\/casadepan.org\/english\/wp-json\/wp\/v2\/users\/1"}],"replies":[{"embeddable":true,"href":"https:\/\/casadepan.org\/english\/wp-json\/wp\/v2\/comments?post=23535"}],"version-history":[{"count":77,"href":"https:\/\/casadepan.org\/english\/wp-json\/wp\/v2\/pages\/23535\/revisions"}],"predecessor-version":[{"id":24151,"href":"https:\/\/casadepan.org\/english\/wp-json\/wp\/v2\/pages\/23535\/revisions\/24151"}],"wp:attachment":[{"href":"https:\/\/casadepan.org\/english\/wp-json\/wp\/v2\/media?parent=23535"}],"curies":[{"name":"wp","href":"https:\/\/api.w.org\/{rel}","templated":true}]}}