{"id":23606,"date":"2024-04-06T21:26:30","date_gmt":"2024-04-06T21:26:30","guid":{"rendered":"https:\/\/casadepan.org\/?page_id=23606"},"modified":"2025-04-29T21:55:04","modified_gmt":"2025-04-29T21:55:04","slug":"misiones-locales","status":"publish","type":"page","link":"https:\/\/casadepan.org\/english\/misiones-locales\/","title":{"rendered":"Local Missions"},"content":{"rendered":"\t\t<div data-elementor-type=\"wp-page\" data-elementor-id=\"23606\" class=\"elementor elementor-23606\" data-elementor-post-type=\"page\">\n\t\t\t\t\t\t<section class=\"elementor-section elementor-top-section elementor-element elementor-element-d2ede4b elementor-section-boxed elementor-section-height-default elementor-section-height-default wpr-particle-no wpr-jarallax-no wpr-parallax-no wpr-sticky-section-no wpr-equal-height-no\" data-id=\"d2ede4b\" data-element_type=\"section\" data-e-type=\"section\" data-settings=\"{&quot;background_background&quot;:&quot;classic&quot;}\">\n\t\t\t\t\t\t\t<div class=\"elementor-background-overlay\"><\/div>\n\t\t\t\t\t\t\t<div class=\"elementor-container elementor-column-gap-default\">\n\t\t\t\t\t<div class=\"elementor-column elementor-col-100 elementor-top-column elementor-element elementor-element-bc7a739\" data-id=\"bc7a739\" data-element_type=\"column\" data-e-type=\"column\">\n\t\t\t<div class=\"elementor-widget-wrap elementor-element-populated\">\n\t\t\t\t\t\t<div class=\"elementor-element elementor-element-9b7edd2 elementor-widget elementor-widget-zegensectiontitle\" data-id=\"9b7edd2\" data-element_type=\"widget\" data-e-type=\"widget\" data-widget_type=\"zegensectiontitle.default\">\n\t\t\t\t<div class=\"elementor-widget-container\">\n\t\t\t\t\t<div class=\"section-title-wrapper margin-bottom-20 text-center\"><div class=\"title-wrap\"><h2 class=\"section-title\">Impactando vidas desde nuestras propias comunidades<\/h2><span class=\"title-separator separator-border theme-color-bg\"><\/span><\/div><!-- .title-wrap --><div class=\"section-description\">\n<\/div><!-- .section-description --><\/div><!-- .section-title-wrapper -->\t\t\t\t<\/div>\n\t\t\t\t<\/div>\n\t\t\t\t<div class=\"elementor-element elementor-element-e4c219e elementor-widget elementor-widget-text-editor\" data-id=\"e4c219e\" data-element_type=\"widget\" data-e-type=\"widget\" data-settings=\"{&quot;_animation&quot;:&quot;none&quot;}\" data-widget_type=\"text-editor.default\">\n\t\t\t\t<div class=\"elementor-widget-container\">\n\t\t\t\t\t\t\t\t\t<p class=\"\" data-start=\"392\" data-end=\"827\">Llevamos esperanza, alimentos, salud y palabra de Dios a sectores vulnerables de nuestras localidades, trabajando mano a mano con voluntarios y aliados locales.<\/p>\t\t\t\t\t\t\t\t<\/div>\n\t\t\t\t<\/div>\n\t\t\t\t\t<\/div>\n\t\t<\/div>\n\t\t\t\t\t<\/div>\n\t\t<\/section>\n\t\t\t\t<section class=\"elementor-section elementor-top-section elementor-element elementor-element-3db5c44 elementor-section-boxed elementor-section-height-default elementor-section-height-default wpr-particle-no wpr-jarallax-no wpr-parallax-no wpr-sticky-section-no wpr-equal-height-no\" data-id=\"3db5c44\" data-element_type=\"section\" data-e-type=\"section\">\n\t\t\t\t\t\t<div class=\"elementor-container elementor-column-gap-default\">\n\t\t\t\t\t<div class=\"elementor-column elementor-col-100 elementor-top-column elementor-element elementor-element-7fc19f3\" data-id=\"7fc19f3\" data-element_type=\"column\" data-e-type=\"column\">\n\t\t\t<div class=\"elementor-widget-wrap elementor-element-populated\">\n\t\t\t\t\t\t<div class=\"elementor-element elementor-element-49b0eae wpr-grid-columns-3 wpr-grid-columns--tablet2 wpr-grid-columns--mobile1 wpr-grid-pagination-center wpr-item-styles-inner elementor-widget elementor-widget-wpr-grid\" data-id=\"49b0eae\" data-element_type=\"widget\" data-e-type=\"widget\" data-widget_type=\"wpr-grid.default\">\n\t\t\t\t<div class=\"elementor-widget-container\">\n\t\t\t\t\t<ul class=\"wpr-grid-filters elementor-clearfix wpr-grid-filters-sep-right\"><li class=\" wpr-pointer-none wpr-pointer-line-fx wpr-pointer-fx-none\"><span  data-filter=\"*\" class=\"wpr-grid-filters-item wpr-active-filter \">All Posts<\/span><em class=\"wpr-grid-filters-sep\"><\/em><\/li><li class=\" wpr-pointer-none wpr-pointer-line-fx wpr-pointer-fx-none\"><span   data-ajax-filter=[\"category\",\"local\"]  data-filter=\".category-local\">Local<\/span><em class=\"wpr-grid-filters-sep\"><\/em><\/li><\/ul><section class=\"wpr-grid elementor-clearfix\" data-settings=\"{&quot;layout&quot;:&quot;fitRows&quot;,&quot;stick_last_element_to_bottom&quot;:&quot;&quot;,&quot;columns_desktop&quot;:3,&quot;gutter_hr&quot;:15,&quot;gutter_hr_mobile&quot;:15,&quot;gutter_hr_mobile_extra&quot;:15,&quot;gutter_hr_tablet&quot;:15,&quot;gutter_hr_tablet_extra&quot;:15,&quot;gutter_hr_laptop&quot;:15,&quot;gutter_hr_widescreen&quot;:15,&quot;gutter_vr&quot;:15,&quot;gutter_vr_mobile&quot;:15,&quot;gutter_vr_mobile_extra&quot;:15,&quot;gutter_vr_tablet&quot;:15,&quot;gutter_vr_tablet_extra&quot;:15,&quot;gutter_vr_laptop&quot;:15,&quot;gutter_vr_widescreen&quot;:15,&quot;animation&quot;:&quot;default&quot;,&quot;animation_duration&quot;:0.299999999999999988897769753748434595763683319091796875,&quot;animation_delay&quot;:0.1000000000000000055511151231257827021181583404541015625,&quot;deeplinking&quot;:&quot;&quot;,&quot;filters_linkable&quot;:&quot;no&quot;,&quot;filters_default_filter&quot;:&quot;&quot;,&quot;filters_count&quot;:&quot;&quot;,&quot;filters_hide_empty&quot;:&quot;no&quot;,&quot;filters_animation&quot;:&quot;default&quot;,&quot;filters_animation_duration&quot;:0.299999999999999988897769753748434595763683319091796875,&quot;filters_animation_delay&quot;:0.1000000000000000055511151231257827021181583404541015625,&quot;pagination_type&quot;:&quot;load-more&quot;,&quot;pagination_max_pages&quot;:1,&quot;lightbox&quot;:{&quot;selector&quot;:&quot;.wpr-grid-image-wrap&quot;,&quot;iframeMaxWidth&quot;:&quot;60%&quot;,&quot;hash&quot;:false,&quot;autoplay&quot;:&quot;true&quot;,&quot;pause&quot;:5000,&quot;progressBar&quot;:&quot;true&quot;,&quot;counter&quot;:&quot;true&quot;,&quot;controls&quot;:&quot;true&quot;,&quot;getCaptionFromTitleOrAlt&quot;:&quot;true&quot;,&quot;thumbnail&quot;:&quot;&quot;,&quot;showThumbByDefault&quot;:&quot;&quot;,&quot;share&quot;:&quot;&quot;,&quot;zoom&quot;:&quot;true&quot;,&quot;fullScreen&quot;:&quot;true&quot;,&quot;download&quot;:&quot;true&quot;}}\" data-advanced-filters=\"no\"><article class=\"wpr-grid-item elementor-clearfix post-23951 post type-post status-publish format-standard has-post-thumbnail hentry category-local\"><div class=\"wpr-grid-item-inner\"><div class=\"wpr-grid-media-wrap wpr-effect-size-medium \" data-overlay-link=\"yes\"><div class=\"wpr-grid-image-wrap\" data-src=\"https:\/\/casadepan.org\/wp-content\/uploads\/2024\/12\/casa-de-pan-609x456.jpg\" data-img-on-hover=\"\"  data-src-secondary=\"\"><img decoding=\"async\" data-no-lazy=\"1\" src=\"https:\/\/casadepan.org\/wp-content\/uploads\/2024\/12\/casa-de-pan-609x456.jpg\" alt=\"Evento Camino al Pesebre Fundaci\u00f3n Casa de Pan Orlando Florida\" class=\"wpr-anim-timing-ease-default\"><\/div><div class=\"wpr-grid-media-hover wpr-animation-wrap\"><div class=\"wpr-grid-media-hover-bg  wpr-overlay-fade-in wpr-anim-size-large wpr-anim-timing-ease-default wpr-anim-transparency\" data-url=\"https:\/\/casadepan.org\/english\/evento-camino-al-pesebre-fundacion-casa-de-pan-orlando-florida\/\"><\/div><\/div><\/div><div class=\"wpr-grid-item-below-content elementor-clearfix\"><div class=\"wpr-grid-item-date elementor-repeater-item-8b5684e wpr-grid-item-display-inline wpr-grid-item-align-center\"><div class=\"inner-block\"><span>27\/12\/2024<span class=\"wpr-grid-extra-text-right\">\/<\/span><\/span><\/div><\/div><h2 class=\"wpr-grid-item-title elementor-repeater-item-b4ecfe6 wpr-grid-item-display-block wpr-grid-item-align-center wpr-pointer-none wpr-pointer-line-fx wpr-pointer-fx-fade\"><div class=\"inner-block\"><a target=\"_self\"  href=\"https:\/\/casadepan.org\/english\/evento-camino-al-pesebre-fundacion-casa-de-pan-orlando-florida\/\">Evento Camino al Pesebre Fundaci\u00f3n Casa de Pan Orlando Florida<\/a><\/div><\/h2><div class=\"wpr-grid-item-read-more elementor-repeater-item-5ad965b wpr-grid-item-display-block wpr-grid-item-align-center\"><div class=\"inner-block\"><a target=\"_self\" href=\"https:\/\/casadepan.org\/english\/evento-camino-al-pesebre-fundacion-casa-de-pan-orlando-florida\/\" class=\"wpr-button-effect wpr-button-none\"><span>Ver Mas<\/span><\/a><\/div><\/div><\/div><\/div><\/article><article class=\"wpr-grid-item elementor-clearfix post-23882 post type-post status-publish format-standard has-post-thumbnail hentry category-local\"><div class=\"wpr-grid-item-inner\"><div class=\"wpr-grid-media-wrap wpr-effect-size-medium \" data-overlay-link=\"yes\"><div class=\"wpr-grid-image-wrap\" data-src=\"https:\/\/casadepan.org\/wp-content\/uploads\/2024\/09\/5161549344392981731-768x456.jpg\" data-img-on-hover=\"\"  data-src-secondary=\"\"><img decoding=\"async\" data-no-lazy=\"1\" src=\"https:\/\/casadepan.org\/wp-content\/uploads\/2024\/09\/5161549344392981731-768x456.jpg\" alt=\"Donaciones Fundacion Casa de Pan\" class=\"wpr-anim-timing-ease-default\"><\/div><div class=\"wpr-grid-media-hover wpr-animation-wrap\"><div class=\"wpr-grid-media-hover-bg  wpr-overlay-fade-in wpr-anim-size-large wpr-anim-timing-ease-default wpr-anim-transparency\" data-url=\"https:\/\/casadepan.org\/english\/donaciones-fundacion-casa-de-pan\/\"><\/div><\/div><\/div><div class=\"wpr-grid-item-below-content elementor-clearfix\"><div class=\"wpr-grid-item-date elementor-repeater-item-8b5684e wpr-grid-item-display-inline wpr-grid-item-align-center\"><div class=\"inner-block\"><span>25\/09\/2024<span class=\"wpr-grid-extra-text-right\">\/<\/span><\/span><\/div><\/div><h2 class=\"wpr-grid-item-title elementor-repeater-item-b4ecfe6 wpr-grid-item-display-block wpr-grid-item-align-center wpr-pointer-none wpr-pointer-line-fx wpr-pointer-fx-fade\"><div class=\"inner-block\"><a target=\"_self\"  href=\"https:\/\/casadepan.org\/english\/donaciones-fundacion-casa-de-pan\/\">Donaciones Fundacion Casa de Pan<\/a><\/div><\/h2><div class=\"wpr-grid-item-read-more elementor-repeater-item-5ad965b wpr-grid-item-display-block wpr-grid-item-align-center\"><div class=\"inner-block\"><a target=\"_self\" href=\"https:\/\/casadepan.org\/english\/donaciones-fundacion-casa-de-pan\/\" class=\"wpr-button-effect wpr-button-none\"><span>Ver Mas<\/span><\/a><\/div><\/div><\/div><\/div><\/article><article class=\"wpr-grid-item elementor-clearfix post-23846 post type-post status-publish format-standard has-post-thumbnail hentry category-local\"><div class=\"wpr-grid-item-inner\"><div class=\"wpr-grid-media-wrap wpr-effect-size-medium \" data-overlay-link=\"yes\"><div class=\"wpr-grid-image-wrap\" data-src=\"https:\/\/casadepan.org\/wp-content\/uploads\/2024\/08\/5008372462517333380-598x456.jpg\" data-img-on-hover=\"\"  data-src-secondary=\"\"><img decoding=\"async\" data-no-lazy=\"1\" src=\"https:\/\/casadepan.org\/wp-content\/uploads\/2024\/08\/5008372462517333380-598x456.jpg\" alt=\"Donaci\u00f3nes a la comunidad de Lauderhill Fl\" class=\"wpr-anim-timing-ease-default\"><\/div><div class=\"wpr-grid-media-hover wpr-animation-wrap\"><div class=\"wpr-grid-media-hover-bg  wpr-overlay-fade-in wpr-anim-size-large wpr-anim-timing-ease-default wpr-anim-transparency\" data-url=\"https:\/\/casadepan.org\/english\/donaciones-a-la-comunidad-de-lauderhill-fl\/\"><\/div><\/div><\/div><div class=\"wpr-grid-item-below-content elementor-clearfix\"><div class=\"wpr-grid-item-date elementor-repeater-item-8b5684e wpr-grid-item-display-inline wpr-grid-item-align-center\"><div class=\"inner-block\"><span>06\/08\/2024<span class=\"wpr-grid-extra-text-right\">\/<\/span><\/span><\/div><\/div><h2 class=\"wpr-grid-item-title elementor-repeater-item-b4ecfe6 wpr-grid-item-display-block wpr-grid-item-align-center wpr-pointer-none wpr-pointer-line-fx wpr-pointer-fx-fade\"><div class=\"inner-block\"><a target=\"_self\"  href=\"https:\/\/casadepan.org\/english\/donaciones-a-la-comunidad-de-lauderhill-fl\/\">Donaci\u00f3nes a la comunidad de Lauderhill Fl<\/a><\/div><\/h2><div class=\"wpr-grid-item-read-more elementor-repeater-item-5ad965b wpr-grid-item-display-block wpr-grid-item-align-center\"><div class=\"inner-block\"><a target=\"_self\" href=\"https:\/\/casadepan.org\/english\/donaciones-a-la-comunidad-de-lauderhill-fl\/\" class=\"wpr-button-effect wpr-button-none\"><span>Ver Mas<\/span><\/a><\/div><\/div><\/div><\/div><\/article><article class=\"wpr-grid-item elementor-clearfix post-23817 post type-post status-publish format-standard has-post-thumbnail hentry category-local\"><div class=\"wpr-grid-item-inner\"><div class=\"wpr-grid-media-wrap wpr-effect-size-medium \" data-overlay-link=\"yes\"><div class=\"wpr-grid-image-wrap\" data-src=\"https:\/\/casadepan.org\/wp-content\/uploads\/2024\/08\/4999306061433384358-768x456.jpg\" data-img-on-hover=\"\"  data-src-secondary=\"\"><img decoding=\"async\" data-no-lazy=\"1\" src=\"https:\/\/casadepan.org\/wp-content\/uploads\/2024\/08\/4999306061433384358-768x456.jpg\" alt=\"La Generosidad de Nuestra Comunidad: \u00a1Gracias por su Apoyo Incondicional!\" class=\"wpr-anim-timing-ease-default\"><\/div><div class=\"wpr-grid-media-hover wpr-animation-wrap\"><div class=\"wpr-grid-media-hover-bg  wpr-overlay-fade-in wpr-anim-size-large wpr-anim-timing-ease-default wpr-anim-transparency\" data-url=\"https:\/\/casadepan.org\/english\/la-generosidad-de-nuestra-comunidad-gracias-por-su-apoyo-incondicional\/\"><\/div><\/div><\/div><div class=\"wpr-grid-item-below-content elementor-clearfix\"><div class=\"wpr-grid-item-date elementor-repeater-item-8b5684e wpr-grid-item-display-inline wpr-grid-item-align-center\"><div class=\"inner-block\"><span>05\/08\/2024<span class=\"wpr-grid-extra-text-right\">\/<\/span><\/span><\/div><\/div><h2 class=\"wpr-grid-item-title elementor-repeater-item-b4ecfe6 wpr-grid-item-display-block wpr-grid-item-align-center wpr-pointer-none wpr-pointer-line-fx wpr-pointer-fx-fade\"><div class=\"inner-block\"><a target=\"_self\"  href=\"https:\/\/casadepan.org\/english\/la-generosidad-de-nuestra-comunidad-gracias-por-su-apoyo-incondicional\/\">La Generosidad de Nuestra Comunidad: \u00a1Gracias por su Apoyo Incondicional!<\/a><\/div><\/h2><div class=\"wpr-grid-item-read-more elementor-repeater-item-5ad965b wpr-grid-item-display-block wpr-grid-item-align-center\"><div class=\"inner-block\"><a target=\"_self\" href=\"https:\/\/casadepan.org\/english\/la-generosidad-de-nuestra-comunidad-gracias-por-su-apoyo-incondicional\/\" class=\"wpr-button-effect wpr-button-none\"><span>Ver Mas<\/span><\/a><\/div><\/div><\/div><\/div><\/article><article class=\"wpr-grid-item elementor-clearfix post-23795 post type-post status-publish format-standard has-post-thumbnail hentry category-local\"><div class=\"wpr-grid-item-inner\"><div class=\"wpr-grid-media-wrap wpr-effect-size-medium \" data-overlay-link=\"yes\"><div class=\"wpr-grid-image-wrap\" data-src=\"https:\/\/casadepan.org\/wp-content\/uploads\/2024\/06\/photo1717350038-720x456.jpeg\" data-img-on-hover=\"\"  data-src-secondary=\"\"><img decoding=\"async\" data-no-lazy=\"1\" src=\"https:\/\/casadepan.org\/wp-content\/uploads\/2024\/06\/photo1717350038-720x456.jpeg\" alt=\"Ministerio Alas de Mariposas Restaurando Corazones\" class=\"wpr-anim-timing-ease-default\"><\/div><div class=\"wpr-grid-media-hover wpr-animation-wrap\"><div class=\"wpr-grid-media-hover-bg  wpr-overlay-fade-in wpr-anim-size-large wpr-anim-timing-ease-default wpr-anim-transparency\" data-url=\"https:\/\/casadepan.org\/english\/ministerio-alas-de-mariposas-restaurando-corazones\/\"><\/div><\/div><\/div><div class=\"wpr-grid-item-below-content elementor-clearfix\"><div class=\"wpr-grid-item-date elementor-repeater-item-8b5684e wpr-grid-item-display-inline wpr-grid-item-align-center\"><div class=\"inner-block\"><span>04\/06\/2024<span class=\"wpr-grid-extra-text-right\">\/<\/span><\/span><\/div><\/div><h2 class=\"wpr-grid-item-title elementor-repeater-item-b4ecfe6 wpr-grid-item-display-block wpr-grid-item-align-center wpr-pointer-none wpr-pointer-line-fx wpr-pointer-fx-fade\"><div class=\"inner-block\"><a target=\"_self\"  href=\"https:\/\/casadepan.org\/english\/ministerio-alas-de-mariposas-restaurando-corazones\/\">Ministerio Alas de Mariposas Restaurando Corazones<\/a><\/div><\/h2><div class=\"wpr-grid-item-read-more elementor-repeater-item-5ad965b wpr-grid-item-display-block wpr-grid-item-align-center\"><div class=\"inner-block\"><a target=\"_self\" href=\"https:\/\/casadepan.org\/english\/ministerio-alas-de-mariposas-restaurando-corazones\/\" class=\"wpr-button-effect wpr-button-none\"><span>Ver Mas<\/span><\/a><\/div><\/div><\/div><\/div><\/article><article class=\"wpr-grid-item elementor-clearfix post-23783 post type-post status-publish format-standard has-post-thumbnail hentry category-local\"><div class=\"wpr-grid-item-inner\"><div class=\"wpr-grid-media-wrap wpr-effect-size-medium \" data-overlay-link=\"yes\"><div class=\"wpr-grid-image-wrap\" data-src=\"https:\/\/casadepan.org\/wp-content\/uploads\/2024\/05\/photo1715048266-2-768x456.jpeg\" data-img-on-hover=\"\"  data-src-secondary=\"\"><img decoding=\"async\" data-no-lazy=\"1\" src=\"https:\/\/casadepan.org\/wp-content\/uploads\/2024\/05\/photo1715048266-2-768x456.jpeg\" alt=\"Donaci\u00f3n a Madre Primeriza Orlando Florida\" class=\"wpr-anim-timing-ease-default\"><\/div><div class=\"wpr-grid-media-hover wpr-animation-wrap\"><div class=\"wpr-grid-media-hover-bg  wpr-overlay-fade-in wpr-anim-size-large wpr-anim-timing-ease-default wpr-anim-transparency\" data-url=\"https:\/\/casadepan.org\/english\/donacion-a-madre-primeriza-orlando-florida\/\"><\/div><\/div><\/div><div class=\"wpr-grid-item-below-content elementor-clearfix\"><div class=\"wpr-grid-item-date elementor-repeater-item-8b5684e wpr-grid-item-display-inline wpr-grid-item-align-center\"><div class=\"inner-block\"><span>07\/05\/2024<span class=\"wpr-grid-extra-text-right\">\/<\/span><\/span><\/div><\/div><h2 class=\"wpr-grid-item-title elementor-repeater-item-b4ecfe6 wpr-grid-item-display-block wpr-grid-item-align-center wpr-pointer-none wpr-pointer-line-fx wpr-pointer-fx-fade\"><div class=\"inner-block\"><a target=\"_self\"  href=\"https:\/\/casadepan.org\/english\/donacion-a-madre-primeriza-orlando-florida\/\">Donaci\u00f3n a Madre Primeriza Orlando Florida<\/a><\/div><\/h2><div class=\"wpr-grid-item-read-more elementor-repeater-item-5ad965b wpr-grid-item-display-block wpr-grid-item-align-center\"><div class=\"inner-block\"><a target=\"_self\" href=\"https:\/\/casadepan.org\/english\/donacion-a-madre-primeriza-orlando-florida\/\" class=\"wpr-button-effect wpr-button-none\"><span>Ver Mas<\/span><\/a><\/div><\/div><\/div><\/div><\/article><article class=\"wpr-grid-item elementor-clearfix post-23759 post type-post status-publish format-standard has-post-thumbnail hentry category-local\"><div class=\"wpr-grid-item-inner\"><div class=\"wpr-grid-media-wrap wpr-effect-size-medium \" data-overlay-link=\"yes\"><div class=\"wpr-grid-image-wrap\" data-src=\"https:\/\/casadepan.org\/wp-content\/uploads\/2024\/04\/IMG_8865-2-768x456.jpg\" data-img-on-hover=\"\"  data-src-secondary=\"\"><img decoding=\"async\" data-no-lazy=\"1\" src=\"https:\/\/casadepan.org\/wp-content\/uploads\/2024\/04\/IMG_8865-2-768x456.jpg\" alt=\"Apoyo a las comunidades\" class=\"wpr-anim-timing-ease-default\"><\/div><div class=\"wpr-grid-media-hover wpr-animation-wrap\"><div class=\"wpr-grid-media-hover-bg  wpr-overlay-fade-in wpr-anim-size-large wpr-anim-timing-ease-default wpr-anim-transparency\" data-url=\"https:\/\/casadepan.org\/english\/apoyo-a-las-comunidades\/\"><\/div><\/div><\/div><div class=\"wpr-grid-item-below-content elementor-clearfix\"><div class=\"wpr-grid-item-date elementor-repeater-item-8b5684e wpr-grid-item-display-inline wpr-grid-item-align-center\"><div class=\"inner-block\"><span>13\/04\/2024<span class=\"wpr-grid-extra-text-right\">\/<\/span><\/span><\/div><\/div><h2 class=\"wpr-grid-item-title elementor-repeater-item-b4ecfe6 wpr-grid-item-display-block wpr-grid-item-align-center wpr-pointer-none wpr-pointer-line-fx wpr-pointer-fx-fade\"><div class=\"inner-block\"><a target=\"_self\"  href=\"https:\/\/casadepan.org\/english\/apoyo-a-las-comunidades\/\">Apoyo a las comunidades<\/a><\/div><\/h2><div class=\"wpr-grid-item-read-more elementor-repeater-item-5ad965b wpr-grid-item-display-block wpr-grid-item-align-center\"><div class=\"inner-block\"><a target=\"_self\" href=\"https:\/\/casadepan.org\/english\/apoyo-a-las-comunidades\/\" class=\"wpr-button-effect wpr-button-none\"><span>Ver Mas<\/span><\/a><\/div><\/div><\/div><\/div><\/article><article class=\"wpr-grid-item elementor-clearfix post-23750 post type-post status-publish format-standard has-post-thumbnail hentry category-local\"><div class=\"wpr-grid-item-inner\"><div class=\"wpr-grid-media-wrap wpr-effect-size-medium \" data-overlay-link=\"yes\"><div class=\"wpr-grid-image-wrap\" data-src=\"https:\/\/casadepan.org\/wp-content\/uploads\/2024\/04\/2DEF4ACD-960B-4F5B-8AED-B4D4990C1D21-768x456.jpg\" data-img-on-hover=\"\"  data-src-secondary=\"\"><img decoding=\"async\" data-no-lazy=\"1\" src=\"https:\/\/casadepan.org\/wp-content\/uploads\/2024\/04\/2DEF4ACD-960B-4F5B-8AED-B4D4990C1D21-768x456.jpg\" alt=\"\u00ab\u00a1Regala Esperanza! Apoya con tus Donaciones los Nacimientos de Ni\u00f1os\u00bb\" class=\"wpr-anim-timing-ease-default\"><\/div><div class=\"wpr-grid-media-hover wpr-animation-wrap\"><div class=\"wpr-grid-media-hover-bg  wpr-overlay-fade-in wpr-anim-size-large wpr-anim-timing-ease-default wpr-anim-transparency\" data-url=\"https:\/\/casadepan.org\/english\/regala-esperanza-apoya-con-tus-donaciones-los-nacimientos-de-ninos\/\"><\/div><\/div><\/div><div class=\"wpr-grid-item-below-content elementor-clearfix\"><div class=\"wpr-grid-item-date elementor-repeater-item-8b5684e wpr-grid-item-display-inline wpr-grid-item-align-center\"><div class=\"inner-block\"><span>13\/04\/2024<span class=\"wpr-grid-extra-text-right\">\/<\/span><\/span><\/div><\/div><h2 class=\"wpr-grid-item-title elementor-repeater-item-b4ecfe6 wpr-grid-item-display-block wpr-grid-item-align-center wpr-pointer-none wpr-pointer-line-fx wpr-pointer-fx-fade\"><div class=\"inner-block\"><a target=\"_self\"  href=\"https:\/\/casadepan.org\/english\/regala-esperanza-apoya-con-tus-donaciones-los-nacimientos-de-ninos\/\">\u00ab\u00a1Regala Esperanza! Apoya con tus Donaciones los Nacimientos de Ni\u00f1os\u00bb<\/a><\/div><\/h2><div class=\"wpr-grid-item-read-more elementor-repeater-item-5ad965b wpr-grid-item-display-block wpr-grid-item-align-center\"><div class=\"inner-block\"><a target=\"_self\" href=\"https:\/\/casadepan.org\/english\/regala-esperanza-apoya-con-tus-donaciones-los-nacimientos-de-ninos\/\" class=\"wpr-button-effect wpr-button-none\"><span>Ver Mas<\/span><\/a><\/div><\/div><\/div><\/div><\/article><article class=\"wpr-grid-item elementor-clearfix post-23463 post type-post status-publish format-standard has-post-thumbnail hentry category-local\"><div class=\"wpr-grid-item-inner\"><div class=\"wpr-grid-media-wrap wpr-effect-size-medium \" data-overlay-link=\"yes\"><div class=\"wpr-grid-image-wrap\" data-src=\"https:\/\/casadepan.org\/wp-content\/uploads\/2024\/03\/photo1709743972-e1709913145825-768x456.jpeg\" data-img-on-hover=\"\"  data-src-secondary=\"\"><img decoding=\"async\" data-no-lazy=\"1\" src=\"https:\/\/casadepan.org\/wp-content\/uploads\/2024\/03\/photo1709743972-e1709913145825-768x456.jpeg\" alt=\"Colecta de Alimentos\" class=\"wpr-anim-timing-ease-default\"><\/div><div class=\"wpr-grid-media-hover wpr-animation-wrap\"><div class=\"wpr-grid-media-hover-bg  wpr-overlay-fade-in wpr-anim-size-large wpr-anim-timing-ease-default wpr-anim-transparency\" data-url=\"https:\/\/casadepan.org\/english\/colecta-de-alimentos\/\"><\/div><\/div><\/div><div class=\"wpr-grid-item-below-content elementor-clearfix\"><div class=\"wpr-grid-item-date elementor-repeater-item-8b5684e wpr-grid-item-display-inline wpr-grid-item-align-center\"><div class=\"inner-block\"><span>08\/03\/2024<span class=\"wpr-grid-extra-text-right\">\/<\/span><\/span><\/div><\/div><h2 class=\"wpr-grid-item-title elementor-repeater-item-b4ecfe6 wpr-grid-item-display-block wpr-grid-item-align-center wpr-pointer-none wpr-pointer-line-fx wpr-pointer-fx-fade\"><div class=\"inner-block\"><a target=\"_self\"  href=\"https:\/\/casadepan.org\/english\/colecta-de-alimentos\/\">Colecta de Alimentos<\/a><\/div><\/h2><div class=\"wpr-grid-item-read-more elementor-repeater-item-5ad965b wpr-grid-item-display-block wpr-grid-item-align-center\"><div class=\"inner-block\"><a target=\"_self\" href=\"https:\/\/casadepan.org\/english\/colecta-de-alimentos\/\" class=\"wpr-button-effect wpr-button-none\"><span>Ver Mas<\/span><\/a><\/div><\/div><\/div><\/div><\/article><article class=\"wpr-grid-item elementor-clearfix post-23440 post type-post status-publish format-standard has-post-thumbnail hentry category-local\"><div class=\"wpr-grid-item-inner\"><div class=\"wpr-grid-media-wrap wpr-effect-size-medium \" data-overlay-link=\"yes\"><div class=\"wpr-grid-image-wrap\" data-src=\"https:\/\/casadepan.org\/wp-content\/uploads\/2024\/03\/photo1709742277-2-768x456.jpeg\" data-img-on-hover=\"\"  data-src-secondary=\"\"><img decoding=\"async\" data-no-lazy=\"1\" src=\"https:\/\/casadepan.org\/wp-content\/uploads\/2024\/03\/photo1709742277-2-768x456.jpeg\" alt=\"Iniciativa comunitaria Basada en la Fe Alcald\u00eda de Kissimmee con la Mayor Olga Gonzales\" class=\"wpr-anim-timing-ease-default\"><\/div><div class=\"wpr-grid-media-hover wpr-animation-wrap\"><div class=\"wpr-grid-media-hover-bg  wpr-overlay-fade-in wpr-anim-size-large wpr-anim-timing-ease-default wpr-anim-transparency\" data-url=\"https:\/\/casadepan.org\/english\/iniciativa-comunitaria-basada-en-la-fe-alcaldia-de-kissimmee-con-la-mayor-olga-gonzales\/\"><\/div><\/div><\/div><div class=\"wpr-grid-item-below-content elementor-clearfix\"><div class=\"wpr-grid-item-date elementor-repeater-item-8b5684e wpr-grid-item-display-inline wpr-grid-item-align-center\"><div class=\"inner-block\"><span>08\/03\/2024<span class=\"wpr-grid-extra-text-right\">\/<\/span><\/span><\/div><\/div><h2 class=\"wpr-grid-item-title elementor-repeater-item-b4ecfe6 wpr-grid-item-display-block wpr-grid-item-align-center wpr-pointer-none wpr-pointer-line-fx wpr-pointer-fx-fade\"><div class=\"inner-block\"><a target=\"_self\"  href=\"https:\/\/casadepan.org\/english\/iniciativa-comunitaria-basada-en-la-fe-alcaldia-de-kissimmee-con-la-mayor-olga-gonzales\/\">Iniciativa comunitaria Basada en la Fe Alcald\u00eda de Kissimmee con la Mayor Olga Gonzales<\/a><\/div><\/h2><div class=\"wpr-grid-item-read-more elementor-repeater-item-5ad965b wpr-grid-item-display-block wpr-grid-item-align-center\"><div class=\"inner-block\"><a target=\"_self\" href=\"https:\/\/casadepan.org\/english\/iniciativa-comunitaria-basada-en-la-fe-alcaldia-de-kissimmee-con-la-mayor-olga-gonzales\/\" class=\"wpr-button-effect wpr-button-none\"><span>Ver Mas<\/span><\/a><\/div><\/div><\/div><\/div><\/article><article class=\"wpr-grid-item elementor-clearfix post-23070 post type-post status-publish format-standard has-post-thumbnail hentry category-local\"><div class=\"wpr-grid-item-inner\"><div class=\"wpr-grid-media-wrap wpr-effect-size-medium \" data-overlay-link=\"yes\"><div class=\"wpr-grid-image-wrap\" data-src=\"https:\/\/casadepan.org\/wp-content\/uploads\/2023\/11\/photo_5111631834319530950_y-768x456.jpg\" data-img-on-hover=\"\"  data-src-secondary=\"\"><img decoding=\"async\" data-no-lazy=\"1\" src=\"https:\/\/casadepan.org\/wp-content\/uploads\/2023\/11\/photo_5111631834319530950_y-768x456.jpg\" alt=\"Entrega de Donaciones Comunidad West Palm Beach\" class=\"wpr-anim-timing-ease-default\"><\/div><div class=\"wpr-grid-media-hover wpr-animation-wrap\"><div class=\"wpr-grid-media-hover-bg  wpr-overlay-fade-in wpr-anim-size-large wpr-anim-timing-ease-default wpr-anim-transparency\" data-url=\"https:\/\/casadepan.org\/english\/entrega-de-donaciones-comunidad-west-palm-beach\/\"><\/div><\/div><\/div><div class=\"wpr-grid-item-below-content elementor-clearfix\"><div class=\"wpr-grid-item-date elementor-repeater-item-8b5684e wpr-grid-item-display-inline wpr-grid-item-align-center\"><div class=\"inner-block\"><span>22\/11\/2023<span class=\"wpr-grid-extra-text-right\">\/<\/span><\/span><\/div><\/div><h2 class=\"wpr-grid-item-title elementor-repeater-item-b4ecfe6 wpr-grid-item-display-block wpr-grid-item-align-center wpr-pointer-none wpr-pointer-line-fx wpr-pointer-fx-fade\"><div class=\"inner-block\"><a target=\"_self\"  href=\"https:\/\/casadepan.org\/english\/entrega-de-donaciones-comunidad-west-palm-beach\/\">Entrega de Donaciones Comunidad West Palm Beach<\/a><\/div><\/h2><div class=\"wpr-grid-item-read-more elementor-repeater-item-5ad965b wpr-grid-item-display-block wpr-grid-item-align-center\"><div class=\"inner-block\"><a target=\"_self\" href=\"https:\/\/casadepan.org\/english\/entrega-de-donaciones-comunidad-west-palm-beach\/\" class=\"wpr-button-effect wpr-button-none\"><span>Ver Mas<\/span><\/a><\/div><\/div><\/div><\/div><\/article><\/section>\t\t\t\t<\/div>\n\t\t\t\t<\/div>\n\t\t\t\t\t<\/div>\n\t\t<\/div>\n\t\t\t\t\t<\/div>\n\t\t<\/section>\n\t\t\t\t<section class=\"elementor-section elementor-top-section elementor-element elementor-element-65c4af6 elementor-section-content-middle elementor-section-stretched elementor-section-boxed elementor-section-height-default elementor-section-height-default wpr-particle-no wpr-jarallax-no wpr-parallax-no wpr-sticky-section-no wpr-equal-height-no\" data-id=\"65c4af6\" data-element_type=\"section\" data-e-type=\"section\" data-settings=\"{&quot;stretch_section&quot;:&quot;section-stretched&quot;}\">\n\t\t\t\t\t\t<div class=\"elementor-container elementor-column-gap-default\">\n\t\t\t\t\t<div class=\"elementor-column elementor-col-100 elementor-top-column elementor-element elementor-element-3c76b5d\" data-id=\"3c76b5d\" data-element_type=\"column\" data-e-type=\"column\">\n\t\t\t<div class=\"elementor-widget-wrap elementor-element-populated\">\n\t\t\t\t\t\t<div class=\"elementor-element elementor-element-b71273a elementor-widget elementor-widget-heading\" data-id=\"b71273a\" data-element_type=\"widget\" data-e-type=\"widget\" data-widget_type=\"heading.default\">\n\t\t\t\t<div class=\"elementor-widget-container\">\n\t\t\t\t\t<span class=\"elementor-heading-title elementor-size-default\">Pon en manos del se\u00f1or  todo lo que haces, para que tus planes se hagan realidad. Proverbios 16:03<\/span>\t\t\t\t<\/div>\n\t\t\t\t<\/div>\n\t\t\t\t\t<\/div>\n\t\t<\/div>\n\t\t\t\t\t<\/div>\n\t\t<\/section>\n\t\t\t\t<\/div>\n\t\t","protected":false},"excerpt":{"rendered":"<p>Impactando vidas desde nuestras propias comunidades Llevamos esperanza, alimentos, salud y palabra de Dios a sectores vulnerables de nuestras localidades, trabajando mano a mano con voluntarios y aliados locales. All Posts Local 27\/12\/2024\/ Evento Camino al Pesebre Fundaci\u00f3n Casa de Pan Orlando Florida Ver Mas 25\/09\/2024\/ Donaciones Fundacion Casa de Pan Ver Mas 06\/08\/2024\/ Donaci\u00f3nes a la comunidad de Lauderhill Fl Ver Mas 05\/08\/2024\/ La Generosidad de Nuestra Comunidad: \u00a1Gracias por su Apoyo Incondicional! Ver Mas 04\/06\/2024\/ Ministerio Alas de Mariposas Restaurando Corazones Ver Mas 07\/05\/2024\/ Donaci\u00f3n a Madre Primeriza Orlando Florida Ver Mas 13\/04\/2024\/ Apoyo a las comunidades Ver Mas 13\/04\/2024\/ \u00ab\u00a1Regala Esperanza! Apoya con tus Donaciones los Nacimientos de Ni\u00f1os\u00bb Ver Mas 08\/03\/2024\/ Colecta de Alimentos Ver Mas 08\/03\/2024\/ Iniciativa comunitaria Basada en la Fe Alcald\u00eda de Kissimmee con la Mayor Olga Gonzales Ver Mas 22\/11\/2023\/ Entrega de Donaciones Comunidad West Palm Beach Ver Mas Pon en manos del se\u00f1or todo lo que haces, para que tus planes se hagan realidad. Proverbios 16:03<\/p>","protected":false},"author":1,"featured_media":0,"parent":0,"menu_order":0,"comment_status":"closed","ping_status":"closed","template":"","meta":{"cybocfi_hide_featured_image":"","iawp_total_views":41,"footnotes":""},"class_list":["post-23606","page","type-page","status-publish","hentry"],"yoast_head":"<!-- This site is optimized with the Yoast SEO plugin v27.3 - https:\/\/yoast.com\/product\/yoast-seo-wordpress\/ -->\n<title>Misiones Locales - Casa de Pan<\/title>\n<meta name=\"description\" content=\"Inicialmente, en el a\u00f1o 2018, arrancamos con la creaci\u00f3n de un comedor social, para cubrir las necesidades alimentarias que exist\u00edan y siguen existiendo, en la comunidad Altos de Carabobo, en el municipio Valencia del estado Carabobo. Brindando atenci\u00f3n primordial a los ni\u00f1os, ni\u00f1as, mujeres embarazadas, personas discapacitadas y de la tercera edad, en condiciones precarias y de extrema vulnerabilidad social.\" \/>\n<meta name=\"robots\" content=\"index, follow, max-snippet:-1, max-image-preview:large, max-video-preview:-1\" \/>\n<link rel=\"canonical\" href=\"https:\/\/casadepan.org\/english\/misiones-locales\/\" \/>\n<meta property=\"og:locale\" content=\"en_US\" \/>\n<meta property=\"og:type\" content=\"article\" \/>\n<meta property=\"og:title\" content=\"Misiones Locales - Casa de Pan\" \/>\n<meta property=\"og:description\" content=\"Inicialmente, en el a\u00f1o 2018, arrancamos con la creaci\u00f3n de un comedor social, para cubrir las necesidades alimentarias que exist\u00edan y siguen existiendo, en la comunidad Altos de Carabobo, en el municipio Valencia del estado Carabobo. Brindando atenci\u00f3n primordial a los ni\u00f1os, ni\u00f1as, mujeres embarazadas, personas discapacitadas y de la tercera edad, en condiciones precarias y de extrema vulnerabilidad social.\" \/>\n<meta property=\"og:url\" content=\"https:\/\/casadepan.org\/english\/misiones-locales\/\" \/>\n<meta property=\"og:site_name\" content=\"Casa de Pan\" \/>\n<meta property=\"article:publisher\" content=\"https:\/\/www.facebook.com\/casadepanvzla\/\" \/>\n<meta property=\"article:modified_time\" content=\"2025-04-29T21:55:04+00:00\" \/>\n<meta property=\"og:image\" content=\"https:\/\/casadepan.org\/wp-content\/uploads\/2024\/12\/casa-de-pan-609x456.jpg\" \/>\n<meta name=\"twitter:card\" content=\"summary_large_image\" \/>\n<meta name=\"twitter:label1\" content=\"Est. reading time\" \/>\n\t<meta name=\"twitter:data1\" content=\"4 minutes\" \/>\n<script type=\"application\/ld+json\" class=\"yoast-schema-graph\">{\"@context\":\"https:\\\/\\\/schema.org\",\"@graph\":[{\"@type\":\"WebPage\",\"@id\":\"https:\\\/\\\/casadepan.org\\\/misiones-locales\\\/\",\"url\":\"https:\\\/\\\/casadepan.org\\\/misiones-locales\\\/\",\"name\":\"Misiones Locales - Casa de Pan\",\"isPartOf\":{\"@id\":\"https:\\\/\\\/casadepan.org\\\/#website\"},\"primaryImageOfPage\":{\"@id\":\"https:\\\/\\\/casadepan.org\\\/misiones-locales\\\/#primaryimage\"},\"image\":{\"@id\":\"https:\\\/\\\/casadepan.org\\\/misiones-locales\\\/#primaryimage\"},\"thumbnailUrl\":\"https:\\\/\\\/casadepan.org\\\/wp-content\\\/uploads\\\/2024\\\/12\\\/casa-de-pan-609x456.jpg\",\"datePublished\":\"2024-04-06T21:26:30+00:00\",\"dateModified\":\"2025-04-29T21:55:04+00:00\",\"description\":\"Inicialmente, en el a\u00f1o 2018, arrancamos con la creaci\u00f3n de un comedor social, para cubrir las necesidades alimentarias que exist\u00edan y siguen existiendo, en la comunidad Altos de Carabobo, en el municipio Valencia del estado Carabobo. Brindando atenci\u00f3n primordial a los ni\u00f1os, ni\u00f1as, mujeres embarazadas, personas discapacitadas y de la tercera edad, en condiciones precarias y de extrema vulnerabilidad social.\",\"breadcrumb\":{\"@id\":\"https:\\\/\\\/casadepan.org\\\/misiones-locales\\\/#breadcrumb\"},\"inLanguage\":\"en-US\",\"potentialAction\":[{\"@type\":\"ReadAction\",\"target\":[\"https:\\\/\\\/casadepan.org\\\/misiones-locales\\\/\"]}]},{\"@type\":\"ImageObject\",\"inLanguage\":\"en-US\",\"@id\":\"https:\\\/\\\/casadepan.org\\\/misiones-locales\\\/#primaryimage\",\"url\":\"https:\\\/\\\/casadepan.org\\\/wp-content\\\/uploads\\\/2024\\\/12\\\/casa-de-pan-609x456.jpg\",\"contentUrl\":\"https:\\\/\\\/casadepan.org\\\/wp-content\\\/uploads\\\/2024\\\/12\\\/casa-de-pan-609x456.jpg\"},{\"@type\":\"BreadcrumbList\",\"@id\":\"https:\\\/\\\/casadepan.org\\\/misiones-locales\\\/#breadcrumb\",\"itemListElement\":[{\"@type\":\"ListItem\",\"position\":1,\"name\":\"Portada\",\"item\":\"https:\\\/\\\/casadepan.org\\\/\"},{\"@type\":\"ListItem\",\"position\":2,\"name\":\"Misiones Locales\"}]},{\"@type\":\"WebSite\",\"@id\":\"https:\\\/\\\/casadepan.org\\\/#website\",\"url\":\"https:\\\/\\\/casadepan.org\\\/\",\"name\":\"Casa de Pan\",\"description\":\"Casa de Pan somos todos, Juntos somos mas!\",\"publisher\":{\"@id\":\"https:\\\/\\\/casadepan.org\\\/#organization\"},\"potentialAction\":[{\"@type\":\"SearchAction\",\"target\":{\"@type\":\"EntryPoint\",\"urlTemplate\":\"https:\\\/\\\/casadepan.org\\\/?s={search_term_string}\"},\"query-input\":{\"@type\":\"PropertyValueSpecification\",\"valueRequired\":true,\"valueName\":\"search_term_string\"}}],\"inLanguage\":\"en-US\"},{\"@type\":\"Organization\",\"@id\":\"https:\\\/\\\/casadepan.org\\\/#organization\",\"name\":\"Casa de Pan\",\"url\":\"https:\\\/\\\/casadepan.org\\\/\",\"logo\":{\"@type\":\"ImageObject\",\"inLanguage\":\"en-US\",\"@id\":\"https:\\\/\\\/casadepan.org\\\/#\\\/schema\\\/logo\\\/image\\\/\",\"url\":\"https:\\\/\\\/casadepan.org\\\/wp-content\\\/uploads\\\/2023\\\/01\\\/cropped-cropped-casa-de-pan-logo1.png\",\"contentUrl\":\"https:\\\/\\\/casadepan.org\\\/wp-content\\\/uploads\\\/2023\\\/01\\\/cropped-cropped-casa-de-pan-logo1.png\",\"width\":512,\"height\":512,\"caption\":\"Casa de Pan\"},\"image\":{\"@id\":\"https:\\\/\\\/casadepan.org\\\/#\\\/schema\\\/logo\\\/image\\\/\"},\"sameAs\":[\"https:\\\/\\\/www.facebook.com\\\/casadepanvzla\\\/\",\"https:\\\/\\\/instagram.com\\\/casadepanvzla\\\/\",\"https:\\\/\\\/www.youtube.com\\\/channel\\\/UCDLD4I6MOnq4pRfEsE8iSvA\"]}]}<\/script>\n<!-- \/ Yoast SEO plugin. -->","yoast_head_json":{"title":"Misiones Locales - Casa de Pan","description":"Inicialmente, en el a\u00f1o 2018, arrancamos con la creaci\u00f3n de un comedor social, para cubrir las necesidades alimentarias que exist\u00edan y siguen existiendo, en la comunidad Altos de Carabobo, en el municipio Valencia del estado Carabobo. Brindando atenci\u00f3n primordial a los ni\u00f1os, ni\u00f1as, mujeres embarazadas, personas discapacitadas y de la tercera edad, en condiciones precarias y de extrema vulnerabilidad social.","robots":{"index":"index","follow":"follow","max-snippet":"max-snippet:-1","max-image-preview":"max-image-preview:large","max-video-preview":"max-video-preview:-1"},"canonical":"https:\/\/casadepan.org\/english\/misiones-locales\/","og_locale":"en_US","og_type":"article","og_title":"Misiones Locales - Casa de Pan","og_description":"Inicialmente, en el a\u00f1o 2018, arrancamos con la creaci\u00f3n de un comedor social, para cubrir las necesidades alimentarias que exist\u00edan y siguen existiendo, en la comunidad Altos de Carabobo, en el municipio Valencia del estado Carabobo. Brindando atenci\u00f3n primordial a los ni\u00f1os, ni\u00f1as, mujeres embarazadas, personas discapacitadas y de la tercera edad, en condiciones precarias y de extrema vulnerabilidad social.","og_url":"https:\/\/casadepan.org\/english\/misiones-locales\/","og_site_name":"Casa de Pan","article_publisher":"https:\/\/www.facebook.com\/casadepanvzla\/","article_modified_time":"2025-04-29T21:55:04+00:00","og_image":[{"url":"https:\/\/casadepan.org\/wp-content\/uploads\/2024\/12\/casa-de-pan-609x456.jpg","type":"","width":"","height":""}],"twitter_card":"summary_large_image","twitter_misc":{"Est. reading time":"4 minutes"},"schema":{"@context":"https:\/\/schema.org","@graph":[{"@type":"WebPage","@id":"https:\/\/casadepan.org\/misiones-locales\/","url":"https:\/\/casadepan.org\/misiones-locales\/","name":"Misiones Locales - Casa de Pan","isPartOf":{"@id":"https:\/\/casadepan.org\/#website"},"primaryImageOfPage":{"@id":"https:\/\/casadepan.org\/misiones-locales\/#primaryimage"},"image":{"@id":"https:\/\/casadepan.org\/misiones-locales\/#primaryimage"},"thumbnailUrl":"https:\/\/casadepan.org\/wp-content\/uploads\/2024\/12\/casa-de-pan-609x456.jpg","datePublished":"2024-04-06T21:26:30+00:00","dateModified":"2025-04-29T21:55:04+00:00","description":"Inicialmente, en el a\u00f1o 2018, arrancamos con la creaci\u00f3n de un comedor social, para cubrir las necesidades alimentarias que exist\u00edan y siguen existiendo, en la comunidad Altos de Carabobo, en el municipio Valencia del estado Carabobo. Brindando atenci\u00f3n primordial a los ni\u00f1os, ni\u00f1as, mujeres embarazadas, personas discapacitadas y de la tercera edad, en condiciones precarias y de extrema vulnerabilidad social.","breadcrumb":{"@id":"https:\/\/casadepan.org\/misiones-locales\/#breadcrumb"},"inLanguage":"en-US","potentialAction":[{"@type":"ReadAction","target":["https:\/\/casadepan.org\/misiones-locales\/"]}]},{"@type":"ImageObject","inLanguage":"en-US","@id":"https:\/\/casadepan.org\/misiones-locales\/#primaryimage","url":"https:\/\/casadepan.org\/wp-content\/uploads\/2024\/12\/casa-de-pan-609x456.jpg","contentUrl":"https:\/\/casadepan.org\/wp-content\/uploads\/2024\/12\/casa-de-pan-609x456.jpg"},{"@type":"BreadcrumbList","@id":"https:\/\/casadepan.org\/misiones-locales\/#breadcrumb","itemListElement":[{"@type":"ListItem","position":1,"name":"Portada","item":"https:\/\/casadepan.org\/"},{"@type":"ListItem","position":2,"name":"Misiones Locales"}]},{"@type":"WebSite","@id":"https:\/\/casadepan.org\/#website","url":"https:\/\/casadepan.org\/","name":"Casa de Pan,","description":"Casa de Pan somos todos, Juntos somos mas!","publisher":{"@id":"https:\/\/casadepan.org\/#organization"},"potentialAction":[{"@type":"SearchAction","target":{"@type":"EntryPoint","urlTemplate":"https:\/\/casadepan.org\/?s={search_term_string}"},"query-input":{"@type":"PropertyValueSpecification","valueRequired":true,"valueName":"search_term_string"}}],"inLanguage":"en-US"},{"@type":"Organization","@id":"https:\/\/casadepan.org\/#organization","name":"Casa de Pan,","url":"https:\/\/casadepan.org\/","logo":{"@type":"ImageObject","inLanguage":"en-US","@id":"https:\/\/casadepan.org\/#\/schema\/logo\/image\/","url":"https:\/\/casadepan.org\/wp-content\/uploads\/2023\/01\/cropped-cropped-casa-de-pan-logo1.png","contentUrl":"https:\/\/casadepan.org\/wp-content\/uploads\/2023\/01\/cropped-cropped-casa-de-pan-logo1.png","width":512,"height":512,"caption":"Casa de Pan"},"image":{"@id":"https:\/\/casadepan.org\/#\/schema\/logo\/image\/"},"sameAs":["https:\/\/www.facebook.com\/casadepanvzla\/","https:\/\/instagram.com\/casadepanvzla\/","https:\/\/www.youtube.com\/channel\/UCDLD4I6MOnq4pRfEsE8iSvA"]}]}},"_links":{"self":[{"href":"https:\/\/casadepan.org\/english\/wp-json\/wp\/v2\/pages\/23606","targetHints":{"allow":["GET"]}}],"collection":[{"href":"https:\/\/casadepan.org\/english\/wp-json\/wp\/v2\/pages"}],"about":[{"href":"https:\/\/casadepan.org\/english\/wp-json\/wp\/v2\/types\/page"}],"author":[{"embeddable":true,"href":"https:\/\/casadepan.org\/english\/wp-json\/wp\/v2\/users\/1"}],"replies":[{"embeddable":true,"href":"https:\/\/casadepan.org\/english\/wp-json\/wp\/v2\/comments?post=23606"}],"version-history":[{"count":14,"href":"https:\/\/casadepan.org\/english\/wp-json\/wp\/v2\/pages\/23606\/revisions"}],"predecessor-version":[{"id":24148,"href":"https:\/\/casadepan.org\/english\/wp-json\/wp\/v2\/pages\/23606\/revisions\/24148"}],"wp:attachment":[{"href":"https:\/\/casadepan.org\/english\/wp-json\/wp\/v2\/media?parent=23606"}],"curies":[{"name":"wp","href":"https:\/\/api.w.org\/{rel}","templated":true}]}}